{"id":3840,"date":"2021-10-15T11:09:29","date_gmt":"2021-10-15T08:09:29","guid":{"rendered":"https:\/\/www.surevankohtaaminen.fi\/diversity-of-grief\/"},"modified":"2024-07-03T11:01:08","modified_gmt":"2024-07-03T08:01:08","slug":"sorgens-mangsidighet","status":"publish","type":"page","link":"https:\/\/www.surevankohtaaminen.fi\/sv\/sorgens-mangsidighet\/","title":{"rendered":"Sorgens m\u00e5ngsidighet"},"content":{"rendered":"<p><div class=\"fusion-fullwidth fullwidth-box fusion-builder-row-1 nonhundred-percent-fullwidth non-hundred-percent-height-scrolling\" style=\"--awb-border-radius-top-left:0px;--awb-border-radius-top-right:0px;--awb-border-radius-bottom-right:0px;--awb-border-radius-bottom-left:0px;--awb-flex-wrap:wrap;\" ><div class=\"fusion-builder-row fusion-row\"><div class=\"fusion-layout-column fusion_builder_column fusion-builder-column-0 fusion_builder_column_1_1 1_1 fusion-one-full fusion-column-first fusion-column-last\" style=\"--awb-bg-blend:overlay;--awb-bg-size:cover;--awb-margin-bottom:0px;\"><div class=\"fusion-column-wrapper fusion-flex-column-wrapper-legacy\"><div class=\"fusion-text fusion-text-1\" style=\"--awb-text-transform:none;\"><h1 style=\"text-align: center;\">SORGENS M\u00c5NGSIDIGHET<\/h1>\n<\/div><div class=\"fusion-sep-clear\"><\/div><div class=\"fusion-separator\" style=\"margin-left: auto;margin-right: auto;margin-bottom:10px;width:100%;max-width:50%;\"><div class=\"fusion-separator-border sep-single sep-dashed\" style=\"--awb-height:20px;--awb-amount:20px;border-color:#e4f3f6;border-top-width:2px;\"><\/div><\/div><div class=\"fusion-sep-clear\"><\/div><div class=\"fusion-sep-clear\"><\/div><div class=\"fusion-separator fusion-full-width-sep\" style=\"margin-left: auto;margin-right: auto;margin-top:10px;margin-bottom:30px;width:100%;\"><\/div><div class=\"fusion-sep-clear\"><\/div><div class=\"fusion-content-boxes content-boxes columns row fusion-columns-3 fusion-columns-total-3 fusion-content-boxes-1 content-boxes-icon-boxed content-left\" style=\"--awb-title-color:#02b2e3;--awb-iconcolor:#006e96;--awb-margin-top:0px;--awb-margin-bottom:30px;--awb-hover-accent-color:#02b2e3;--awb-circle-hover-accent-color:#02b2e3;\" data-animationOffset=\"top-into-view\"><div style=\"--awb-backgroundcolor:#e4f3f6;--awb-iconcolor:#006e96;\" class=\"fusion-column content-box-column content-box-column content-box-column-1 col-lg-4 col-md-4 col-sm-4 fusion-content-box-hover content-box-column-first-in-row\"><div class=\"col content-box-wrapper content-wrapper-background content-wrapper-boxed link-area-link-icon link-type-button-bar icon-hover-animation-fade\" data-animationOffset=\"top-into-view\"><div class=\"heading heading-with-icon icon-left\"><a class=\"heading-link\" href=\"#surunmonimuotoisuus\" target=\"_self\"><div class=\"icon\"><i style=\"border-color:#a3d8e5;border-width:1px;background-color:#a3d8e5;box-sizing:content-box;height:42px;width:42px;line-height:42px;top:-71px;margin-left:-21px;border-radius:50%;font-size:21px;\" aria-hidden=\"true\" class=\"fontawesome-icon fa-bookmark fas circle-yes\"><\/i><\/div><h2 class=\"content-box-heading fusion-responsive-typography-calculated\" style=\"--h2_typography-font-size:18px;--fontSize:18;line-height:1.5;\">Vad \u00e4r sorgens m\u00e5ngsidighet?<\/h2><\/a><\/div><div class=\"fusion-clearfix\"><\/div><a class=\" fusion-read-more fusion-button-bar\" href=\"#surunmonimuotoisuus\" target=\"_self\">Se mer<\/a><div class=\"fusion-clearfix\"><\/div><\/div><\/div><div style=\"--awb-backgroundcolor:#e4f3f6;--awb-iconcolor:#006e96;\" class=\"fusion-column content-box-column content-box-column content-box-column-2 col-lg-4 col-md-4 col-sm-4 fusion-content-box-hover \"><div class=\"col content-box-wrapper content-wrapper-background content-wrapper-boxed link-area-link-icon link-type-button-bar icon-hover-animation-fade\" data-animationOffset=\"top-into-view\"><div class=\"heading heading-with-icon icon-left\"><a class=\"heading-link\" href=\"#sateenkaarevasuru\" target=\"_self\"><div class=\"icon\"><i style=\"border-color:#a3d8e5;border-width:1px;background-color:#a3d8e5;box-sizing:content-box;height:42px;width:42px;line-height:42px;top:-71px;margin-left:-21px;border-radius:50%;font-size:21px;\" aria-hidden=\"true\" class=\"fontawesome-icon fa-rainbow fas circle-yes\"><\/i><\/div><h2 class=\"content-box-heading fusion-responsive-typography-calculated\" style=\"--h2_typography-font-size:18px;--fontSize:18;line-height:1.5;\">Vad b\u00f6r man beakta i regnb\u00e5gssorg? <\/h2><\/a><\/div><div class=\"fusion-clearfix\"><\/div><a class=\" fusion-read-more fusion-button-bar\" href=\"#sateenkaarevasuru\" target=\"_self\">Se mer<\/a><div class=\"fusion-clearfix\"><\/div><\/div><\/div><div style=\"--awb-backgroundcolor:#e4f3f6;--awb-iconcolor:#006e96;\" class=\"fusion-column content-box-column content-box-column content-box-column-3 col-lg-4 col-md-4 col-sm-4 fusion-content-box-hover content-box-column-last content-box-column-last-in-row\"><div class=\"col content-box-wrapper content-wrapper-background content-wrapper-boxed link-area-link-icon link-type-button-bar icon-hover-animation-fade\" data-animationOffset=\"top-into-view\"><div class=\"heading heading-with-icon icon-left\"><a class=\"heading-link\" href=\"#kulttuurinenmonimuotoisuus\" target=\"_self\"><div class=\"icon\"><i style=\"border-color:#a3d8e5;border-width:1px;background-color:#a3d8e5;box-sizing:content-box;height:42px;width:42px;line-height:42px;top:-71px;margin-left:-21px;border-radius:50%;font-size:21px;\" aria-hidden=\"true\" class=\"fontawesome-icon fa-users fas circle-yes\"><\/i><\/div><h2 class=\"content-box-heading fusion-responsive-typography-calculated\" style=\"--h2_typography-font-size:18px;--fontSize:18;line-height:1.5;\">Vilka sidor f\u00e5r sorgen av kulturell m\u00e5ngfald?<\/h2><\/a><\/div><div class=\"fusion-clearfix\"><\/div><a class=\" fusion-read-more fusion-button-bar\" href=\"#kulttuurinenmonimuotoisuus\" target=\"_self\">Se mer<\/a><div class=\"fusion-clearfix\"><\/div><\/div><\/div><div class=\"fusion-clearfix\"><\/div><\/div><div class=\"fusion-clearfix\"><\/div><\/div><\/div><\/div><\/div><div class=\"fusion-fullwidth fullwidth-box fusion-builder-row-2 nonhundred-percent-fullwidth non-hundred-percent-height-scrolling\" style=\"--awb-border-radius-top-left:0px;--awb-border-radius-top-right:0px;--awb-border-radius-bottom-right:0px;--awb-border-radius-bottom-left:0px;--awb-flex-wrap:wrap;\" ><div class=\"fusion-builder-row fusion-row\"><div class=\"fusion-layout-column fusion_builder_column fusion-builder-column-1 fusion_builder_column_1_1 1_1 fusion-one-full fusion-column-first fusion-column-last\" style=\"--awb-bg-blend:overlay;--awb-bg-size:cover;--awb-margin-bottom:0px;\"><div class=\"fusion-column-wrapper fusion-flex-column-wrapper-legacy\"><div class=\"fusion-sep-clear\"><\/div><div class=\"fusion-separator fusion-full-width-sep\" style=\"margin-left: auto;margin-right: auto;margin-top:10px;margin-bottom:30px;width:100%;\"><\/div><div class=\"fusion-sep-clear\"><\/div><div class=\"fusion-content-boxes content-boxes columns row fusion-columns-3 fusion-columns-total-3 fusion-content-boxes-2 content-boxes-icon-boxed content-left\" style=\"--awb-title-color:#02b2e3;--awb-iconcolor:#006e96;--awb-margin-top:0px;--awb-margin-bottom:30px;--awb-hover-accent-color:#02b2e3;--awb-circle-hover-accent-color:#02b2e3;\" data-animationOffset=\"top-into-view\"><div style=\"--awb-backgroundcolor:#e4f3f6;--awb-iconcolor:#006e96;\" class=\"fusion-column content-box-column content-box-column content-box-column-1 col-lg-4 col-md-4 col-sm-4 fusion-content-box-hover content-box-column-first-in-row\"><div class=\"col content-box-wrapper content-wrapper-background content-wrapper-boxed link-area-link-icon link-type-button-bar icon-hover-animation-fade\" data-animationOffset=\"top-into-view\"><div class=\"heading heading-with-icon icon-left\"><a class=\"heading-link\" href=\"#suremisentapoja\" target=\"_self\"><div class=\"icon\"><i style=\"border-color:#a3d8e5;border-width:1px;background-color:#a3d8e5;box-sizing:content-box;height:42px;width:42px;line-height:42px;top:-71px;margin-left:-21px;border-radius:50%;font-size:21px;\" aria-hidden=\"true\" class=\"fontawesome-icon fa-bacon fas circle-yes\"><\/i><\/div><h2 class=\"content-box-heading fusion-responsive-typography-calculated\" style=\"--h2_typography-font-size:18px;--fontSize:18;line-height:1.5;\">Hurdana kan s\u00e4tten att s\u00f6rja vara?<\/h2><\/a><\/div><div class=\"fusion-clearfix\"><\/div><a class=\" fusion-read-more fusion-button-bar\" href=\"#suremisentapoja\" target=\"_self\">Se mer<\/a><div class=\"fusion-clearfix\"><\/div><\/div><\/div><div style=\"--awb-backgroundcolor:#e4f3f6;--awb-iconcolor:#006e96;\" class=\"fusion-column content-box-column content-box-column content-box-column-2 col-lg-4 col-md-4 col-sm-4 fusion-content-box-hover \"><div class=\"col content-box-wrapper content-wrapper-background content-wrapper-boxed link-area-link-icon link-type-button-bar icon-hover-animation-fade\" data-animationOffset=\"top-into-view\"><div class=\"heading heading-with-icon icon-left\"><a class=\"heading-link\" href=\"#vinkkejakohtaamiseen\" target=\"_self\"><div class=\"icon\"><i style=\"border-color:#a3d8e5;border-width:1px;background-color:#a3d8e5;box-sizing:content-box;height:42px;width:42px;line-height:42px;top:-71px;margin-left:-21px;border-radius:50%;font-size:21px;\" aria-hidden=\"true\" class=\"fontawesome-icon fa-people-arrows fas circle-yes\"><\/i><\/div><h2 class=\"content-box-heading fusion-responsive-typography-calculated\" style=\"--h2_typography-font-size:18px;--fontSize:18;line-height:1.5;\">Tips f\u00f6r bem\u00f6tande<\/h2><\/a><\/div><div class=\"fusion-clearfix\"><\/div><a class=\" fusion-read-more fusion-button-bar\" href=\"#vinkkejakohtaamiseen\" target=\"_self\">Se mer<\/a><div class=\"fusion-clearfix\"><\/div><\/div><\/div><div style=\"--awb-backgroundcolor:#e4f3f6;--awb-iconcolor:#006e96;\" class=\"fusion-column content-box-column content-box-column content-box-column-3 col-lg-4 col-md-4 col-sm-4 fusion-content-box-hover content-box-column-last content-box-column-last-in-row\"><div class=\"col content-box-wrapper content-wrapper-background content-wrapper-boxed link-area-link-icon link-type-button-bar icon-hover-animation-fade\" data-animationOffset=\"top-into-view\"><div class=\"heading heading-with-icon icon-left\"><a class=\"heading-link\" href=\"#lisatietoa\" target=\"_self\"><div class=\"icon\"><i style=\"border-color:#a3d8e5;border-width:1px;background-color:#a3d8e5;box-sizing:content-box;height:42px;width:42px;line-height:42px;top:-71px;margin-left:-21px;border-radius:50%;font-size:21px;\" aria-hidden=\"true\" class=\"fontawesome-icon fa-info fas circle-yes\"><\/i><\/div><h2 class=\"content-box-heading fusion-responsive-typography-calculated\" style=\"--h2_typography-font-size:18px;--fontSize:18;line-height:1.5;\">Var f\u00e5r jag mer information?<\/h2><\/a><\/div><div class=\"fusion-clearfix\"><\/div><a class=\" fusion-read-more fusion-button-bar\" href=\"#lisatietoa\" target=\"_self\">Se mer<\/a><div class=\"fusion-clearfix\"><\/div><\/div><\/div><div class=\"fusion-clearfix\"><\/div><\/div><div class=\"fusion-clearfix\"><\/div><\/div><\/div><\/div><\/div><div class=\"fusion-fullwidth fullwidth-box fusion-builder-row-3 nonhundred-percent-fullwidth non-hundred-percent-height-scrolling\" style=\"--awb-border-radius-top-left:0px;--awb-border-radius-top-right:0px;--awb-border-radius-bottom-right:0px;--awb-border-radius-bottom-left:0px;--awb-flex-wrap:wrap;\" ><div class=\"fusion-builder-row fusion-row\"><div class=\"fusion-layout-column fusion_builder_column fusion-builder-column-2 fusion_builder_column_1_1 1_1 fusion-one-full fusion-column-first fusion-column-last\" style=\"--awb-bg-blend:overlay;--awb-bg-size:cover;\"><div class=\"fusion-column-wrapper fusion-flex-column-wrapper-legacy\"><div class=\"fusion-sep-clear\"><\/div><div class=\"fusion-separator fusion-full-width-sep\" style=\"margin-left: auto;margin-right: auto;margin-top:10px;margin-bottom:30px;width:100%;\"><\/div><div class=\"fusion-sep-clear\"><\/div><div class=\"accordian fusion-accordian\" style=\"--awb-border-size:1px;--awb-icon-size:13px;--awb-content-font-size:16px;--awb-icon-alignment:left;--awb-hover-color:#a3d8e5;--awb-border-color:#a3d8e5;--awb-background-color:#e4f3f6;--awb-divider-color:#e4f3f6;--awb-divider-hover-color:#e4f3f6;--awb-icon-color:#006e96;--awb-title-color:#02b2e3;--awb-content-color:#000000;--awb-icon-box-color:#02b2e3;--awb-toggle-hover-accent-color:#c6abd2;--awb-title-font-family:&quot;Roboto&quot;;--awb-title-font-weight:700;--awb-title-font-style:normal;--awb-title-font-size:16px;--awb-content-font-family:&quot;Roboto&quot;;--awb-content-font-style:normal;--awb-content-font-weight:400;\"><div class=\"panel-group fusion-toggle-icon-boxed\" id=\"accordion-3840-1\"><div class=\"fusion-panel panel-default panel-9ffd86e8c37a85e4e fusion-toggle-has-divider\"><div class=\"panel-heading\"><h4 class=\"panel-title toggle\" id=\"toggle_9ffd86e8c37a85e4e\"><a aria-expanded=\"false\" aria-controls=\"9ffd86e8c37a85e4e\" role=\"button\" data-toggle=\"collapse\" data-parent=\"#accordion-3840-1\" data-target=\"#9ffd86e8c37a85e4e\" href=\"#9ffd86e8c37a85e4e\"><span class=\"fusion-toggle-icon-wrapper\" aria-hidden=\"true\"><i class=\"fa-fusion-box active-icon awb-icon-minus\" aria-hidden=\"true\"><\/i><i class=\"fa-fusion-box inactive-icon awb-icon-plus\" aria-hidden=\"true\"><\/i><\/span><span class=\"fusion-toggle-heading\">Litteraturf\u00f6rteckning:<\/span><\/a><\/h4><\/div><div id=\"9ffd86e8c37a85e4e\" class=\"panel-collapse collapse \" aria-labelledby=\"toggle_9ffd86e8c37a85e4e\"><div class=\"panel-body toggle-content fusion-clearfix\">\n<ul>\n<li>Alasuutari V. ( 2021). Suru sateenkaaren p\u00e4\u00e4ss\u00e4. <a href=\"http:\/\/www.surut.fi\/surutfi_wp\/wp- content\/uploads\/2021\/06\/Surukonferenssi-Alasuutari-2021.pdf\" target=\"_blank\" rel=\"noopener\">surut.fi<\/a><\/li>\n<li>Alasuutari V. (2020) <em>Death at the end of the Rainbow. Rethinking Queer Kinsip, Rituals Remembrace at the Finnish culture of Death<\/em>. Turun yliopisto. Humanoria. Turku<\/li>\n<li>Alasuutari, V. (2018). Kuolema sateenkaaren p\u00e4\u00e4ss\u00e4. Ilmi\u00f6 \u2013 Sosiologinen media kaikille.<br \/>\nJulkaistu 4.11.2018. <a href=\"https:\/\/ilmiomedia.fi\/yleinen\/kuolema-sateenkaaren-paassa\">ilmiomedia.fi<\/a><\/li>\n<li>Bristowe, K., Marshall, S., &amp; Harding, R. (2016). The bereavement experiences of lesbian, gay, bisexual and\/or trans people who have lost a partner: A systematic review, the matic synthesis and modelling of the literature. Palliative Medicine, 30(8), 730\u2013744. doi:10.1177\/0269216316634601<\/li>\n<li>Castaneda, A.; M\u00e4ki-Opas, J.; Jokela, S.; Kivi, N.; L\u00e4hteenm\u00e4ki, M.; Miettinen, T.; Nieminen, S.; Santalahti, P. (2018) Pakolaisten mielenterveyden tukeminen Suomessa : PALOMA-k\u00e4sikirja<\/li>\n<li>Castaneda A. Suru ja kulttuurinen moninaisuus. <a href=\"http:\/\/www.surut.fi\/surutfi_wp\/wp-content\/uploads\/2021\/04\/esitys_surukonffa2021_castaneda.pdf\">Pdf-tiedosto<\/a><\/li>\n<li>Curtin, Nancy, and Mary Garrison. \u201c\u2018She Was More Than a Friend\u2019: Clinical Intervention Strategies for Effectively Addressing Disenfranchised Grief Issues for Same-Sex Couples.\u201d Journal of gay &amp; lesbian social services 30.3 (2018): 261\u2013281. Web.<\/li>\n<li>Doka, K. J. (1989). Disenfranchised grief. In K. J. Doka (Ed.), Disenfranchised grief: Recognizing the hidden sorrow (pp. 3\u201311). Lexington, MA: Lexington Books<\/li>\n<li>Sumiala, J. 2020. Mediasuru \u2013 kenen el\u00e4m\u00e4ll\u00e4 on v\u00e4li\u00e4? Teoksessa Lahti, T. (toim.). Suru. Helsinki. Duodecim, 34-44<\/li>\n<li>Surun monimuotoisuus ty\u00f6paja 17.5.2021. Asiantuntiat: Aho A L., Alasuutari V., Gr\u00f6nfors J., Hagman-Kiuru R., Kalajanniska S., Kuusisto A-K., Lehtovirta E., Moring A., Nieminen S., Novitsky A., Nuutinen K., Uittom\u00e4ki S., Vainioinen P.<\/li>\n<li>Keskinen, N.; Kaunonen, M.; Aho, AL, 2019. How Loved Ones Express Grief After the Death of a Child by Sharing Photographs on Facebook. Yhteiskuntatieteiden tiedekunta &#8211; Faculty of Social SciencesJournal of Loss and Trauma 24 7. 609-624<\/li>\n<li><a href=\"https:\/\/www.duodecimlehti.fi\/lehti\/2021\/17\/duo16384\" target=\"_blank\" rel=\"noopener\">Duedecimlehti.fi<\/a> ja <a href=\"https:\/\/seta.fi\/sateenkaaritieto\/sateenkaarisanasto\/\">Setan Sateenkaarisanastoa<\/a>.<\/li>\n<li>Lohi, J. 2021. Tuntui, ett\u00e4 oli joku konkreettinen juttu mit\u00e4 sai pit\u00e4\u00e4 syliss\u00e4. Muistoesineiden teht\u00e4v\u00e4t \u00e4idin ja kohtuun kuolleen lapsen v\u00e4lisess\u00e4 kiintymyssuhteessa. Helsingin yliopisto, Teologinen tiedekunta.<\/li>\n<\/ul>\n<\/div><\/div><\/div><\/div><\/div><div class=\"fusion-clearfix\"><\/div><\/div><\/div><\/div><div class=\"fusion-builder-row fusion-row\"><\/div><\/div><div class=\"fusion-fullwidth fullwidth-box fusion-builder-row-4 fusion-flex-container nonhundred-percent-fullwidth non-hundred-percent-height-scrolling\" style=\"--awb-border-radius-top-left:0px;--awb-border-radius-top-right:0px;--awb-border-radius-bottom-right:0px;--awb-border-radius-bottom-left:0px;--awb-flex-wrap:wrap;\" ><\/div><div id=\"surunmonimuotoisuus\" class=\"fusion-container-anchor\"><div class=\"fusion-fullwidth fullwidth-box fusion-builder-row-5 nonhundred-percent-fullwidth non-hundred-percent-height-scrolling\" style=\"--awb-border-radius-top-left:0px;--awb-border-radius-top-right:0px;--awb-border-radius-bottom-right:0px;--awb-border-radius-bottom-left:0px;--awb-flex-wrap:wrap;\" ><div class=\"fusion-builder-row fusion-row\"><div class=\"fusion-layout-column fusion_builder_column fusion-builder-column-3 fusion_builder_column_1_1 1_1 fusion-one-full fusion-column-first fusion-column-last\" style=\"--awb-bg-blend:overlay;--awb-bg-size:cover;\"><div class=\"fusion-column-wrapper fusion-flex-column-wrapper-legacy\"><div class=\"fusion-sep-clear\"><\/div><div class=\"fusion-separator fusion-full-width-sep\" style=\"margin-left: auto;margin-right: auto;margin-top:30px;margin-bottom:30px;width:100%;\"><\/div><div class=\"fusion-sep-clear\"><\/div><div class=\"fusion-text fusion-text-2\" style=\"--awb-text-transform:none;\"><h2 style=\"text-align: center;\" align=\"center\">Vad inneb\u00e4r sorgens m\u00e5ngsidighet?<\/h2>\n<\/div><div class=\"fusion-clearfix\"><\/div><\/div><\/div><\/div><\/div><\/div><div id=\"surunmonimuotoisuus\" class=\"fusion-container-anchor\"><div class=\"fusion-fullwidth fullwidth-box fusion-builder-row-6 nonhundred-percent-fullwidth non-hundred-percent-height-scrolling\" style=\"--awb-border-radius-top-left:0px;--awb-border-radius-top-right:0px;--awb-border-radius-bottom-right:0px;--awb-border-radius-bottom-left:0px;--awb-flex-wrap:wrap;\" ><div class=\"fusion-builder-row fusion-row\"><div class=\"fusion-layout-column fusion_builder_column fusion-builder-column-4 fusion_builder_column_1_1 1_1 fusion-one-full fusion-column-first fusion-column-last\" style=\"--awb-bg-blend:overlay;--awb-bg-size:cover;\"><div class=\"fusion-column-wrapper fusion-flex-column-wrapper-legacy\"><div class=\"fusion-text fusion-text-3\" style=\"--awb-text-transform:none;\"><p><img decoding=\"async\" class=\"alignright wp-image-929\" src=\"https:\/\/www.surevankohtaaminen.fi\/wp-content\/uploads\/2018\/11\/anna-aikaasi-400x484.png\" alt=\"Anna aikaasi. Surevan kohtaaminen -hankkeen kuvitusta.\" width=\"221\" height=\"269\" srcset=\"https:\/\/www.surevankohtaaminen.fi\/wp-content\/uploads\/2018\/11\/anna-aikaasi-200x242.png 200w, https:\/\/www.surevankohtaaminen.fi\/wp-content\/uploads\/2018\/11\/anna-aikaasi.png 2003w\" sizes=\"(max-width: 221px) 100vw, 221px\" \/>Organisationerna bakom verksamheten Surevan kohtaaminen, <a href=\"https:\/\/www.huoma.fi\/\" target=\"_blank\" rel=\"noopener\">Huoma ry<\/a> ,\u00a0<a href=\"https:\/\/kapy.fi\/kapy-barndodsfamiljerna-rf\/\" target=\"_blank\" rel=\"noopener\">K\u00e4py Barnd\u00f6dsfamiljerna rf<\/a>, <a href=\"https:\/\/nuoretlesket.fi\/en-sv\/\" target=\"_blank\" rel=\"noopener\">Nuoret lesket ry <\/a>och <a href=\"https:\/\/surunauha.net\/en-sv\/\" target=\"_blank\" rel=\"noopener noreferrer\">Sorgbandet rf\u00a0<\/a> st\u00f6der sj\u00e4lva s\u00f6rjande p\u00e5 ett m\u00e5ngsidigt s\u00e4tt och po\u00e4ngterar att d\u00f6den kan ber\u00f6ra en i vilket livsskede som helst och vemsomhelst. \u00c4ven d\u00f6dsorsakerna kan vara m\u00e5nga olika.<\/p>\n<p>Vid bem\u00f6tande av den s\u00f6rjande \u00e4r det viktigaste f\u00f6r den professionella att bem\u00f6ta den s\u00f6rjande som en individ. Det \u00e4r dock bra f\u00f6r den professionella att vara medvetna om vissa f\u00f6rhandsantaganden som kan p\u00e5verka bem\u00f6tandet. Bem\u00f6tandet p\u00e5verkas alltid av s\u00e5v\u00e4l individuella som kulturella egenskaper. D\u00e5 man bem\u00f6ter en individ kan man inte utg\u00e5 fr\u00e5n kulturella f\u00f6rhandsantaganden, men det \u00e4r bra att vara medveten om dem i en viss m\u00e5n. Sorgens m\u00e5ngsidighet behandlas nu fr\u00e5n den <strong>kulturella m\u00e5ngfaldens<\/strong> och <strong>regnb\u00e5gsbefolkningens<\/strong> perspektiv.<\/p>\n<p>Det \u00e4r viktigt att man ger den s\u00f6rjande utrymme att ber\u00e4tta om sig sj\u00e4lv och sina f\u00f6rh\u00e5llanden p\u00e5 det s\u00e4tt och i den utstr\u00e4ckning denne \u00f6nskar, och att man inte g\u00f6r normativa antaganden. Minoritetsrepresentanten kan uppleva <strong>minoritetsstress<\/strong>, om tidigare bem\u00f6tanden varit osakliga, konstiga eller heteronormativa. M\u00e5ngsidigheten kan \u00e4ven vara f\u00f6renad med m\u00e4nniskof\u00f6rh\u00e5llanden, d\u00e5 f\u00f6rh\u00e5llanden str\u00e4cker sig l\u00e4ngre \u00e4n till den normativa k\u00e4rnfamiljen eller till den n\u00e4rst\u00e5ende som st\u00e5r angiven i patientjournaler. Ofta beh\u00f6ver den s\u00f6rjande f\u00e5 sin sorg legitimerad, dvs bekr\u00e4ftad, att man har r\u00e4tt till sin sorg oavsett vilket f\u00f6rh\u00e5llande man hade till den avlidna och att det egna s\u00e4ttet att s\u00f6rja \u00e4r r\u00e4tt. Det \u00e4r ocks\u00e5 viktigt att legitimera att alla inte s\u00f6rjer med samma intensitet och att olika familjemedlemmar kan ha olika k\u00e4nslor av sorg.<\/p>\n<\/div><div class=\"fusion-clearfix\"><\/div><\/div><\/div><\/div><\/div><\/div><div id=\"sateenkaarevasuru\" class=\"fusion-container-anchor\"><div class=\"fusion-fullwidth fullwidth-box fusion-builder-row-7 nonhundred-percent-fullwidth non-hundred-percent-height-scrolling\" style=\"--awb-border-radius-top-left:0px;--awb-border-radius-top-right:0px;--awb-border-radius-bottom-right:0px;--awb-border-radius-bottom-left:0px;--awb-flex-wrap:wrap;\" ><div class=\"fusion-builder-row fusion-row\"><div class=\"fusion-layout-column fusion_builder_column fusion-builder-column-5 fusion_builder_column_1_1 1_1 fusion-one-full fusion-column-first fusion-column-last\" style=\"--awb-bg-blend:overlay;--awb-bg-size:cover;\"><div class=\"fusion-column-wrapper fusion-flex-column-wrapper-legacy\"><div class=\"fusion-sep-clear\"><\/div><div class=\"fusion-separator fusion-full-width-sep\" style=\"margin-left: auto;margin-right: auto;margin-top:30px;width:100%;\"><\/div><div class=\"fusion-sep-clear\"><\/div>\n<div class=\"fusion-text fusion-text-4\" style=\"--awb-text-transform:none;--awb-margin-top:50px;\"><h2 style=\"text-align: center;\">Vad b\u00f6r man beakta i regnb\u00e5gssorg? F\u00f6rluster i regnb\u00e5gsf\u00f6rh\u00e5llanden<\/h2>\n<\/div><div class=\"fusion-text fusion-text-5\" style=\"--awb-content-alignment:left;--awb-text-transform:none;\"><p><img decoding=\"async\" class=\"alignright wp-image-931\" src=\"https:\/\/www.surevankohtaaminen.fi\/wp-content\/uploads\/2018\/11\/kunnioita-surua-296x300.png\" alt=\"\" width=\"239\" height=\"242\" srcset=\"https:\/\/www.surevankohtaaminen.fi\/wp-content\/uploads\/2018\/11\/kunnioita-surua-66x66.png 66w, https:\/\/www.surevankohtaaminen.fi\/wp-content\/uploads\/2018\/11\/kunnioita-surua-200x203.png 200w, https:\/\/www.surevankohtaaminen.fi\/wp-content\/uploads\/2018\/11\/kunnioita-surua-296x300.png 296w, https:\/\/www.surevankohtaaminen.fi\/wp-content\/uploads\/2018\/11\/kunnioita-surua-400x406.png 400w, https:\/\/www.surevankohtaaminen.fi\/wp-content\/uploads\/2018\/11\/kunnioita-surua-600x608.png 600w, https:\/\/www.surevankohtaaminen.fi\/wp-content\/uploads\/2018\/11\/kunnioita-surua-768x779.png 768w, https:\/\/www.surevankohtaaminen.fi\/wp-content\/uploads\/2018\/11\/kunnioita-surua-800x811.png 800w, https:\/\/www.surevankohtaaminen.fi\/wp-content\/uploads\/2018\/11\/kunnioita-surua-1010x1024.png 1010w, https:\/\/www.surevankohtaaminen.fi\/wp-content\/uploads\/2018\/11\/kunnioita-surua-1200x1217.png 1200w, https:\/\/www.surevankohtaaminen.fi\/wp-content\/uploads\/2018\/11\/kunnioita-surua.png 1665w\" sizes=\"(max-width: 239px) 100vw, 239px\" \/><\/p>\n<p>\u00c4ven om den allm\u00e4nna st\u00e4mningen f\u00f6r\u00e4ndrats mycket under de senaste decennierna, \u00e4r det fortfarande inte n\u00f6dv\u00e4ndigtvis enkelt att leva i en sexual- eller k\u00f6nsminoritet. Regnb\u00e5gsbefolkningen kan v\u00e4lja att l\u00e5ta bli att anv\u00e4nda vissa tj\u00e4nster, \u00e4ven d\u00e5 dessa tj\u00e4nster skulle beh\u00f6vas, av r\u00e4dsla att bli diskriminerade. Om man tidigare m\u00f6tt diskriminering, kan det vara sv\u00e5rt att ber\u00e4tta om den egna situationen g\u00e4llande familj och parf\u00f6rh\u00e5llanden. Neds\u00e4ttande kommentarer om den egna familjeformen kan g\u00f6ra det sv\u00e5rt f\u00f6r personen att lita p\u00e5 att den professionella \u00e4r p\u00e5 den s\u00f6rjandes sida. Tr\u00f6skeln att s\u00f6ka hj\u00e4lp kan vara h\u00f6g. I tj\u00e4nsterna b\u00f6r det tas fram att de \u00e4r \u00f6ppna f\u00f6r alla s\u00f6rjande och man b\u00f6r s\u00e4kerst\u00e4lla att man beaktar m\u00e4nniskornas och m\u00e4nniskof\u00f6rh\u00e5llandenas m\u00e5ngsidighet. F\u00f6r n\u00e4rvarande finns det inte s\u00e4rskilda st\u00f6dtj\u00e4nster som endast \u00e4r riktade till regnb\u00e5gsbefolkningen.<\/p>\n<p>I m\u00f6tet med en s\u00f6rjande ur regnb\u00e5gsbefolkningen vore det bra om den professionella var medveten om att den s\u00f6rjande kan uppleva att dennes sorg blir f\u00f6rminskad och f\u00f6rbisedd. \u00c4ven om minoriteters situation i v\u00e5rt samh\u00e4lle har f\u00f6rb\u00e4ttrats, h\u00e4rskar fortfarande en heteronormativ kultur som kan f\u00e5 minoriteterna att k\u00e4nna sig utanf\u00f6r. K\u00e4nslan av att sorgen inte \u00e4r ber\u00e4ttigad eller inte f\u00e5r uttryckas kan eventuellt ocks\u00e5 st\u00e4rkas av att f\u00f6rh\u00e5llandet till den avlidna inte lagligen erk\u00e4nns eller inte accepteras inom den egna familjen. F\u00f6r regnb\u00e5gsbefolkningen s\u00e4tts m\u00e5nga betydande m\u00e4nniskof\u00f6rh\u00e5llanden ofta utanf\u00f6r det som lagligen erk\u00e4nns. Som exempel kan n\u00e4mnas v\u00e4nskapsf\u00f6rh\u00e5llanden, vald familj, f\u00f6rh\u00e5llanden till f\u00f6re detta partners, barn till partner vilka inte adopterats och f\u00f6rh\u00e5llanden som utmanar den traditionella parf\u00f6rh\u00e5llandemodellen. Samma g\u00e4ller f\u00f6r samk\u00f6nade pars f\u00f6rh\u00e5llanden, som slutar p\u00e5 grund av partnerns d\u00f6d innan lag\u00e4ndringar som m\u00f6jligg\u00f6r officiell kung\u00f6relse av f\u00f6rh\u00e5llandet gjorts, eller f\u00f6rh\u00e5llanden som inte har kungjorts officiellt.<\/p>\n<p>Den professionella b\u00f6r prata om den s\u00f6rjandes och den avlidnas f\u00f6rh\u00e5llande p\u00e5 samma s\u00e4tt som den s\u00f6rjande pratar, dvs kalla f\u00f6rh\u00e5llandet vid dess r\u00e4tta namn. Till exempel d\u00e5 man pratar med en \u00e4nka, ska man prata om make, eftersom det \u00e4r fel att prata om en kompis eller v\u00e4n och det f\u00f6rminskar den s\u00f6rjandes och avlidnas f\u00f6rh\u00e5llande. D\u00e5 skulle den professionella bekr\u00e4fta k\u00e4nslan av att inte f\u00e5 uttrycka sorgen\/att sorgen inte \u00e4r ber\u00e4ttigad. Det \u00e4r av v\u00e4sentlig betydelse att den professionella noterar det spr\u00e5kbruk som den s\u00f6rjande anv\u00e4nder och sj\u00e4lv anv\u00e4nder likadana uttryck.<\/p>\n<p>Den professionella m\u00e5ste unders\u00f6ka sina egna attityder och bem\u00f6ta den s\u00f6rjande som en individ. Den professionella m\u00e5ste visa att f\u00f6rh\u00e5llandet, den s\u00f6rjande sj\u00e4lv och dennes sorg \u00e4r accepterade. Det kan \u00e4ven uppst\u00e5 problem i bem\u00f6tandet fr\u00e5n andra som s\u00f6rjer den avlidna, till exempel d\u00e5 den avlidnas andra n\u00e4rst\u00e5ende inte erk\u00e4nner f\u00f6rh\u00e5llandet mellan den avlidna och den s\u00f6rjande samt den sorg som orsakats av f\u00f6rlusten.<\/p>\n<p>Ibland kan ett d\u00f6dsfall tvinga regnb\u00e5gspersonen att komma ut ur sk\u00e5pet i olika situationer f\u00f6r att bli sedd, h\u00f6rd och f\u00f6r att f\u00e5 det st\u00f6d som beh\u00f6vs. P\u00e5 grund av de normativa antaganden som \u00e4r f\u00f6rh\u00e4rskande i samh\u00e4llet \u00e4r det en kontinuerlig process att komma ut ur sk\u00e5pet. \u00c4ven de regnb\u00e5gspersoner som lever sitt liv \u00f6ppet, m\u00e5ste dryfta i m\u00f6tet med en professionell hur de ska ber\u00e4tta om sig sj\u00e4lva och sin situation. Det tillf\u00f6r ytterligare en sak att dryfta i mitten av sorgen.<\/p>\n<p>Pr\u00e4ster och f\u00f6rsamlingar erbjuder inte neutralt st\u00f6d i sorgen till regnb\u00e5gsbefolkningen p\u00e5 grund av institutionell representation och historiska sp\u00e4nningar. M\u00e5nga har ocks\u00e5 kunnat skriva ut sig ur kyrkan p\u00e5 grund av diskriminering. De st\u00f6dtj\u00e4nster som erbjuds till den s\u00f6rjande kan handla om kyrkliga st\u00f6dgrupper, d\u00e4r deltagande kan inneb\u00e4ra osynlig eller synlig sp\u00e4nning. En pr\u00e4sts n\u00e4rvaro kan \u00f6ppna upp tidigare sm\u00e4rtsamma upplevelser av diskriminering hos den s\u00f6rjande regnb\u00e5gspersonen. \u00c5 andra sidan kan den acceptans som kyrkan och pr\u00e4sten visar vara s\u00e4rskilt viktig f\u00f6r en del av regnb\u00e5gsbefolkningen. En del kyrkliga akt\u00f6rer har \u00f6ppet ber\u00e4ttat att de f\u00f6rh\u00e5ller sig positivt till regnb\u00e5gsbefolkningen och att de v\u00e4lsignar samk\u00f6nade pars f\u00f6rh\u00e5llanden.<\/p>\n<\/div><div class=\"fusion-button-wrapper fusion-aligncenter\"><a class=\"fusion-button button-flat fusion-button-default-size button-default fusion-button-default button-1 fusion-button-default-span fusion-button-default-type\" style=\"--button_text_transform:none;\" target=\"_blank\" rel=\"noopener noreferrer\" href=\"https:\/\/sateenkaaripapit.wordpress.com\/\"><span class=\"fusion-button-text awb-button__text awb-button__text--default\">MER\u00a0INFORMATION<\/span><\/a><\/div><div class=\"fusion-sep-clear\"><\/div><div class=\"fusion-separator fusion-full-width-sep\" style=\"margin-left: auto;margin-right: auto;width:100%;\"><\/div><div class=\"fusion-sep-clear\"><\/div><div class=\"fusion-text fusion-text-6\" style=\"--awb-text-transform:none;--awb-margin-top:50px;\"><h3><strong>Viktiga termer i bem\u00f6tandet av en s\u00f6rjande i regnb\u00e5gsbefolkningen<\/strong><\/h3>\n<p><strong><span style=\"font-weight: 600; font-size: 16px; color: #93559d;\">Vald familj= <\/span><\/strong> En familj som inte n\u00f6dv\u00e4ndigtvis uppfyller den traditionella familjemodellen med en pappa, mamma och deras gemensamma, biologiska barn. Till den valda familjen kan till exempel h\u00f6ra icke biologiska barn, v\u00e4nner, bonusf\u00f6r\u00e4ldrar och f\u00f6re detta makar eller deras f\u00f6r\u00e4ldrar.<\/p>\n<p><strong><span style=\"font-weight: 600; font-size: 16px; color: #93559d;\">Icke ber\u00e4ttigad sorg= <\/span><\/strong> En sorg, d\u00e4r den som r\u00e5kat ut f\u00f6r en f\u00f6rlust inte f\u00e5r eller kan uttrycka sin sorg \u00f6ppet, och s\u00e5ledes inte heller s\u00f6rja \u00f6ppet eller f\u00e5 socialt st\u00f6d till sin sorg. Enligt Doka, som utvecklat teorin, kan icke ber\u00e4ttigad sorg delas in i tre olika typer, som \u00e4r:<\/p>\n<\/div><div class=\"fusion-text fusion-text-7\" style=\"--awb-text-transform:none;\"><ol style=\"color: #006e96;\">\n<li>en sorg d\u00e4r den s\u00f6rjandes anknytningsband inte erk\u00e4nns<\/li>\n<li>en sorg d\u00e4r den s\u00f6rjandes f\u00f6rlust inte erk\u00e4nns eller<\/li>\n<li style=\"text-align: left;\">en sorg d\u00e4r den s\u00f6rjande sj\u00e4lv inte erk\u00e4nns.<\/li>\n<\/ol>\n<\/div><div class=\"fusion-text fusion-text-8\" style=\"--awb-text-transform:none;\"><p>Senare har man \u00e4ven lagt till p\u00e5verkan av omst\u00e4ndigheterna f\u00f6r d\u00f6dsfallet och sorgyttring till gruppen f\u00f6r icke ber\u00e4ttigad sorg.<\/p>\n<p><strong><span style=\"font-weight: 600; font-size: 16px; color: #93559d;\">Att komma ut ur sk\u00e5pet= <\/span><\/strong> En person som tillh\u00f6r en sexual- eller k\u00f6nsminoritet ber\u00e4ttar f\u00f6r sina n\u00e4rst\u00e5ende och andra m\u00e4nniskor om att denne tillh\u00f6r ifr\u00e5gavarande minoritetsgrupp. Att komma ut ur sk\u00e5pet \u00e4r ofta en kontinuerlig process, eftersom nya f\u00f6rh\u00e5llanden och m\u00f6ten f\u00f6rs\u00e4tter personen i en situation d\u00e4r personen om och om igen m\u00e5ste komma ut ur sk\u00e5pet. Kan orsaka minoritetsstress.<\/p>\n<p><strong><span style=\"font-weight: 600; font-size: 16px; color: #93559d;\">Minoritetsstress= <\/span><\/strong> M\u00e4nniskor som tillh\u00f6r en minoritet kan uppleva extra stress p\u00e5 grund av sin minoritetsbakgrund. De antaganden som \u00e4r f\u00f6rh\u00e4rskande i samh\u00e4llet, upplevelser av diskriminering, r\u00e4dslan som orsakas av dessa erfarenheter, skam och hemligh\u00e5llande kan \u00f6ka stressen. Minoritetsstress kan \u00f6ka bland annat problem med den mentala h\u00e4lsan, missbruksproblem och fysiska sjukdomar.<\/p>\n<p><strong><span style=\"font-weight: 600; font-size: 16px; color: #93559d;\">Heteronormativitet\/cisnormativitet= <\/span><\/strong> Antagandet att alla m\u00e4nniskor \u00e4r heterosexuella.<\/p>\n<\/div><div class=\"fusion-clearfix\"><\/div><\/div><\/div><\/div><\/div><\/div><div id=\"kulttuurinenmonimuotoisuus\" class=\"fusion-container-anchor\"><div class=\"fusion-fullwidth fullwidth-box fusion-builder-row-8 nonhundred-percent-fullwidth non-hundred-percent-height-scrolling\" style=\"--awb-border-radius-top-left:0px;--awb-border-radius-top-right:0px;--awb-border-radius-bottom-right:0px;--awb-border-radius-bottom-left:0px;--awb-flex-wrap:wrap;\" ><div class=\"fusion-builder-row fusion-row\"><div class=\"fusion-layout-column fusion_builder_column fusion-builder-column-6 fusion_builder_column_1_1 1_1 fusion-one-full fusion-column-first fusion-column-last\" style=\"--awb-bg-blend:overlay;--awb-bg-size:cover;\"><div class=\"fusion-column-wrapper fusion-flex-column-wrapper-legacy\"><div class=\"fusion-sep-clear\"><\/div><div class=\"fusion-separator fusion-full-width-sep\" style=\"margin-left: auto;margin-right: auto;margin-top:30px;width:100%;\"><\/div><div class=\"fusion-sep-clear\"><\/div>\n<div class=\"fusion-text fusion-text-9\" style=\"--awb-content-alignment:left;--awb-text-transform:none;--awb-margin-top:50px;\"><h2 style=\"text-align: center;\">Kulturell m\u00e5ngfald och f\u00f6rluster<\/h2>\n<p>Individen representerar sig sj\u00e4lv, inte en viss kultur och d\u00e4rf\u00f6r kan vi inte anta att alla representanter ur samma kultur vill att man ska agera p\u00e5 samma s\u00e4tt i m\u00f6tet. D\u00e4rf\u00f6r \u00e4r det om\u00f6jligt att ge en utt\u00f6mmande lista p\u00e5 handlingss\u00e4tt. V\u00e5rdpraxis uppr\u00e4ttas ofta utg\u00e5ende fr\u00e5n den v\u00e4sterl\u00e4ndska kulturen, s\u00e5 det \u00e4r viktigt att fr\u00e5ga den s\u00f6rjande om individuella behov relaterade till den egna kulturen och d\u00f6dskulturen. Du kan fr\u00e5ga den s\u00f6rjande exempelvis hur denne upplever saken, hur saken upplevs i det egna hemlandet eller kulturen eller hur individen vill agera i den ifr\u00e5gavarande situationen. Man m\u00e5ste ge den s\u00f6rjande information skriftligt och p\u00e5 r\u00e4tt spr\u00e5k. Det \u00e4r dock viktigt att komma ih\u00e5g att den s\u00f6rjande inte n\u00f6dv\u00e4ndigtvis genast kan ber\u00e4tta hurdant st\u00f6d denne \u00f6nskar, och d\u00e4rf\u00f6r \u00e4r det viktigt att fr\u00e5ga p\u00e5nytt.<\/p>\n<p><img decoding=\"async\" class=\"alignright size-full wp-image-998\" src=\"https:\/\/www.surevankohtaaminen.fi\/wp-content\/uploads\/2018\/12\/ohjaa-eteenp\u00e4in-artikkelikuva-1.png\" alt=\"\" width=\"321\" height=\"200\" srcset=\"https:\/\/www.surevankohtaaminen.fi\/wp-content\/uploads\/2018\/12\/ohjaa-eteenp\u00e4in-artikkelikuva-1-50x31.png 50w, https:\/\/www.surevankohtaaminen.fi\/wp-content\/uploads\/2018\/12\/ohjaa-eteenp\u00e4in-artikkelikuva-1-200x125.png 200w, https:\/\/www.surevankohtaaminen.fi\/wp-content\/uploads\/2018\/12\/ohjaa-eteenp\u00e4in-artikkelikuva-1-300x187.png 300w, https:\/\/www.surevankohtaaminen.fi\/wp-content\/uploads\/2018\/12\/ohjaa-eteenp\u00e4in-artikkelikuva-1-320x200.png 320w, https:\/\/www.surevankohtaaminen.fi\/wp-content\/uploads\/2018\/12\/ohjaa-eteenp\u00e4in-artikkelikuva-1.png 321w\" sizes=\"(max-width: 321px) 100vw, 321px\" \/><\/p>\n<p>B\u00e5de gemensamma och specifika egenskaper \u00e4r f\u00f6renade med sorgyttring i olika kulturer. Man kan uttrycka sorgen kraftigt och offentligt, vilket avviker fr\u00e5n den finl\u00e4ndska kulturen, genom att skrika och gr\u00e5ta synligt. I alla kulturer \u00e4r inte n\u00f6dv\u00e4ndigtvis talet i central roll, utan sorgen kan uttryckas genom att till exempel sjunga tillsammans. Det \u00e4r ocks\u00e5 viktigt att granska vilken enhet som s\u00f6rjer. En individs, ett folks eller en familjs sorg kan te sig p\u00e5 olika s\u00e4tt, och till exempel minnesdagar f\u00f6r folkmord kan vara starka tillf\u00e4llen f\u00f6r att uppleva en gemensam sorg.<\/p>\n<p>Sorgen kan vara f\u00f6renad med en k\u00e4nsla av ensamhet oavsett kultur. Upplevelsen av ensamhet b\u00f6r \u00e4ven beaktas i tj\u00e4nstesystemet. Till exempel \u00e4r andelen brukare av mentalv\u00e5rdstj\u00e4nster mindre och behandlingsperioderna kortare bland invandrare \u00e4n bland inf\u00f6dda finl\u00e4ndare och tj\u00e4nstesystemet kan vara fr\u00e4mmande. Att s\u00f6ka och ta emot hj\u00e4lp \u00e4r inte n\u00f6dv\u00e4ndigtvis \u00f6nskv\u00e4rt. I vissa kulturer \u00e4r till exempel sj\u00e4lvmord ett s\u00e5 stort tabu att sj\u00e4lvmordets existens inte erk\u00e4nns, och d\u00e5 kan man bli f\u00f6rhindrad att s\u00f6ka hj\u00e4lp eller orsakerna vara till synes annorlunda. Den s\u00f6rjande kan till exempel beh\u00f6va tala om en olycka till f\u00f6ljd av en n\u00e4rst\u00e5endes sj\u00e4lvmord och det \u00e4r viktigt f\u00f6r den professionella att respektera det behovet.<\/p>\n<p>I vissa kulturer finns det ingen tradition om att s\u00f6ka hj\u00e4lp, utan m\u00e4nniskor tar st\u00f6d av sl\u00e4ktingar och familj. Den professionellas roll framh\u00e4vs s\u00e5vida den s\u00f6rjande inte har n\u00e5gra n\u00e4rst\u00e5ende i det nya hemlandet, med vilka denne kan dela sin sorg, eller ett gemensamt spr\u00e5k f\u00f6r att tala om sorgen. Av kulturella sk\u00e4l kan det i vissa situationer vara sv\u00e5rt att v\u00e4nda sig till n\u00e4rst\u00e5ende.\u00a0 Inom samma familj kan det ocks\u00e5 finnas flera religioner eller kulturer, och d\u00e5 kan uppfattningar om d\u00f6den, sorg eller ett liv efter d\u00f6den driva familjens situation till sin spets och skilja familjen.<\/p>\n<p>S\u00e4rskilt hos flyktingar kan det upplevas att en del av en sj\u00e4lv alltid \u00e4r n\u00e5gon annanstans. \u00c4ven om det skulle h\u00e4nda glada saker i ens liv i det nya hemlandet, kan sorgen \u00e4ven vara n\u00e4rvarande vid dessa tillf\u00e4llen, eftersom m\u00e5nga m\u00e4nniskor inte kan vara en del av vardagen i det nya hemlandet. F\u00f6rlusten kan omv\u00e4rva invandraren hela tiden, eftersom en del av familjemedlemmarna blivit kvar i det otrygga hemlandet, varifr\u00e5n man mottar eller oroar sig f\u00f6r att motta d\u00e5liga nyheter. S\u00f6rjandet kan \u00e4ven ske p\u00e5 distans och d\u00e5 kan s\u00f6rjandet ske i ensamhet. De som kommit till landet ensamma kan k\u00e4nna skuld \u00f6ver att ha klarat sig n\u00e4r resten av familjen blivit kvar i hemlandet. De ramar inom vilka man upplever delaktighet och gemenskap kan vara samma d\u00e4r man uttrycker sorg. N\u00e4r man \u00e4r ensam fattas dessa gemensamma ramar.\u00a0 I sorg och s\u00f6rjande finns det mycket gemensamt oavsett kultur. Att delta i begravning, att se p\u00e5 fotografier och att bes\u00f6ka graven kan underl\u00e4tta integreringen av sorgen till en del av den egna livshistorian. N\u00e4r dessa m\u00f6jligheter fattas kan sorgyttring f\u00f6rhindras. D\u00e4rf\u00f6r \u00e4r det viktigt att ber\u00e4tta om exempelvis kollektiva minnesplatser p\u00e5 kyrkog\u00e5rdar.<\/p>\n<\/div><div class=\"fusion-clearfix\"><\/div><\/div><\/div><\/div><\/div><\/div><div id=\"kulttuurinenmonimuotoisuus\" class=\"fusion-container-anchor\"><div class=\"fusion-fullwidth fullwidth-box fusion-builder-row-9 nonhundred-percent-fullwidth non-hundred-percent-height-scrolling\" style=\"--awb-border-radius-top-left:0px;--awb-border-radius-top-right:0px;--awb-border-radius-bottom-right:0px;--awb-border-radius-bottom-left:0px;--awb-flex-wrap:wrap;\" ><div class=\"fusion-builder-row fusion-row\"><div class=\"fusion-layout-column fusion_builder_column fusion-builder-column-7 fusion_builder_column_1_1 1_1 fusion-one-full fusion-column-first fusion-column-last\" style=\"--awb-bg-blend:overlay;--awb-bg-size:cover;\"><div class=\"fusion-column-wrapper fusion-flex-column-wrapper-legacy\"><div class=\"fusion-sep-clear\"><\/div><div class=\"fusion-separator fusion-full-width-sep\" style=\"margin-left: auto;margin-right: auto;width:100%;\"><\/div><div class=\"fusion-sep-clear\"><\/div><div class=\"fusion-text fusion-text-10\" style=\"--awb-content-alignment:left;--awb-text-transform:none;--awb-margin-top:50px;\"><h2 aria-level=\"2\"><span data-contrast=\"none\">Vad \u00e4r kultursensitivt bem\u00f6tande?<\/span><span data-ccp-props=\"{\">\u00a0<\/span><\/h2>\n<h4 style=\"text-align: left;\">I ett m\u00e5ngkulturellt m\u00f6te \u00e4r det viktigt att professionella handlarn <span style=\"color: #006e96;\"><strong>kultursensitivt<\/strong>.<\/span><\/h4>\n<p style=\"text-align: left;\">Det betyder inte att ha detaljkunskap om olika kulturer, utan att <span style=\"color: #006e96;\"><strong><b><span data-contrast=\"none\">v\u00e4rdes\u00e4tta<\/span><\/b> <\/strong><\/span><span data-contrast=\"none\">vanor och tro i olika kulturer, vara<\/span><strong><span style=\"color: #006e96;\"> <b><span data-contrast=\"none\">nyfiken <\/span><\/b><\/span><\/strong><span data-contrast=\"none\">p\u00e5 dem och ha f\u00f6rm\u00e5ga att <\/span><span style=\"color: #006e96;\"><strong><b><span data-contrast=\"none\">uppt\u00e4cka n\u00e4r man sj\u00e4lv handlar diskriminerande p\u00e5 grund av egna f\u00f6rest\u00e4llningar<\/span><\/b><\/strong>.<\/span><\/p>\n<p><span data-contrast=\"none\">Begreppet <\/span><b><span data-contrast=\"none\"><span style=\"color: #006e96;\"><strong>kulturell kompetens <\/strong><\/span><\/span><\/b><span data-contrast=\"none\">inneb\u00e4r att respektera m\u00e4nniskor fr\u00e5n alla kulturella bakgrunder och att skapa och v\u00e4rna om ett icke-diskriminerande klimat i samh\u00e4llet.<\/span><span data-ccp-props=\"{\">\u00a0<\/span><\/p>\n<p><b><span style=\"color: #006e96;\"><span data-contrast=\"none\"><strong>De professionellas kulturella kompetens<\/strong><\/span><\/span> <\/b><span data-contrast=\"none\">best\u00e5r av kulturell medvetenhet, k\u00e4nnedom, f\u00e4rdigheter, bem\u00f6tande och motivation. Man speglar sina egna kulturella r\u00f6tter, vanor, v\u00e4rderingar och trossystem mot andra kulturers vanor, v\u00e4rderingar och trossystem<\/span>.<\/p>\n<p><span style=\"color: #006e96;\"><b><span data-contrast=\"none\"><strong>Kultursensitivitet <\/strong><\/span><\/b><\/span><span data-contrast=\"none\">inneb\u00e4r att man bem\u00f6ter m\u00e4nniskor och andra kulturer med respekt (s\u00e5v\u00e4l verbalt som ordl\u00f6st). S\u00e5v\u00e4l professionella som klienter har r\u00e4tt att ge uttryck f\u00f6r sin kultur samt att bli accepterade och h\u00f6rda.<\/span><span data-ccp-props=\"{\">\u00a0<\/span><\/p>\n<\/div><div class=\"fusion-clearfix\"><\/div><\/div><\/div><\/div><\/div><\/div><div id=\"suremisentapoja\" class=\"fusion-container-anchor\"><div class=\"fusion-fullwidth fullwidth-box fusion-builder-row-10 nonhundred-percent-fullwidth non-hundred-percent-height-scrolling\" style=\"--awb-border-radius-top-left:0px;--awb-border-radius-top-right:0px;--awb-border-radius-bottom-right:0px;--awb-border-radius-bottom-left:0px;--awb-flex-wrap:wrap;\" ><div class=\"fusion-builder-row fusion-row\"><div class=\"fusion-layout-column fusion_builder_column fusion-builder-column-8 fusion_builder_column_1_1 1_1 fusion-one-full fusion-column-first fusion-column-last\" style=\"--awb-bg-blend:overlay;--awb-bg-size:cover;\"><div class=\"fusion-column-wrapper fusion-flex-column-wrapper-legacy\"><div class=\"fusion-sep-clear\"><\/div><div class=\"fusion-separator fusion-full-width-sep\" style=\"margin-left: auto;margin-right: auto;margin-top:30px;width:100%;\"><\/div><div class=\"fusion-sep-clear\"><\/div>\n<div class=\"fusion-text fusion-text-11\" style=\"--awb-content-alignment:left;--awb-text-transform:none;--awb-margin-top:50px;\"><h2 style=\"text-align: center;\">S\u00e4tt att s\u00f6rja<\/h2>\n<p>S\u00e4tten att s\u00f6rja varierar, eftersom det finns lika m\u00e5nga s\u00e4tt att s\u00f6rja som det finns s\u00f6rjande. Det \u00e4r sk\u00e4l f\u00f6r professionella att vara medvetna om att alla s\u00f6rjande inte exempelvis vill prata, utan bearbetar hellre sin sorg genom konkreta handlingar. P\u00e5 den h\u00e4r sidan har vi samlat olika s\u00e4tt att uttrycka och bearbeta sorg.<\/p>\n<h3><img decoding=\"async\" class=\"alignright wp-image-930\" src=\"https:\/\/www.surevankohtaaminen.fi\/wp-content\/uploads\/2018\/11\/anna-tietoa-464x1024.png\" alt=\"Surevan kohtaaminen -hankkeen grafiikkaa palaute-sivulla.\" width=\"187\" height=\"412\" srcset=\"https:\/\/www.surevankohtaaminen.fi\/wp-content\/uploads\/2018\/11\/anna-tietoa-136x300.png 136w, https:\/\/www.surevankohtaaminen.fi\/wp-content\/uploads\/2018\/11\/anna-tietoa-200x441.png 200w, https:\/\/www.surevankohtaaminen.fi\/wp-content\/uploads\/2018\/11\/anna-tietoa-400x883.png 400w, https:\/\/www.surevankohtaaminen.fi\/wp-content\/uploads\/2018\/11\/anna-tietoa-464x1024.png 464w, https:\/\/www.surevankohtaaminen.fi\/wp-content\/uploads\/2018\/11\/anna-tietoa-600x1324.png 600w, https:\/\/www.surevankohtaaminen.fi\/wp-content\/uploads\/2018\/11\/anna-tietoa-768x1695.png 768w, https:\/\/www.surevankohtaaminen.fi\/wp-content\/uploads\/2018\/11\/anna-tietoa-800x1766.png 800w, https:\/\/www.surevankohtaaminen.fi\/wp-content\/uploads\/2018\/11\/anna-tietoa-1200x2648.png 1200w, https:\/\/www.surevankohtaaminen.fi\/wp-content\/uploads\/2018\/11\/anna-tietoa.png 1314w\" sizes=\"(max-width: 187px) 100vw, 187px\" \/>Att publicera bilder p\u00e5 sociala medier<\/h3>\n<p>Sociala medier erbjuder nya s\u00e4tt att s\u00f6rja. P\u00e5 sociala medier, s\u00e5som Facebook, Twitter och Instagram, kan man bygga en gemensam sorgupplevelse av sorgen n\u00e4r de s\u00f6rjande delar sina tankar i form av exempelvis fotografier eller texter. Andra kan f\u00f6rmedla sitt medlidande och medm\u00e4nsklighet med hj\u00e4lp av reaktioner, kommentarer och meddelanden. Med sociala medier blir det l\u00e4ttare att dela sin sorg tack vare socialt n\u00e4tverkande.<\/p>\n<p>Internet och med det sociala medier har gjort s\u00f6rjandet mer offentligt. P\u00e5 sociala medier kan de s\u00f6rjande verkst\u00e4lla, minnas och uppr\u00e4tth\u00e5lla f\u00f6rh\u00e5llandet till sin f\u00f6rlorade n\u00e4rst\u00e5ende. Forskning visar att genom att publicera fotografier p\u00e5 sociala medier kan de s\u00f6rjande uttrycka sin sorg, acceptera sin f\u00f6rlust, framh\u00e4va minnenas betydelse och dela tankar om de viktiga dagar som de tillbringat med sin f\u00f6rlorade n\u00e4rst\u00e5ende.<\/p>\n<p>I inl\u00e4ggen varierar k\u00e4nslorna. I forskningen har man kunnat notera att de s\u00f6rjande med hj\u00e4lp av de delade fotografierna kan k\u00e4nna exempelvis saknad, \u00f6nskan, tacksamhet, stolthet och gl\u00e4dje. \u00c4ven negativa k\u00e4nslor \u00e4r m\u00f6jliga.<\/p>\n<h3>Att m\u00e5na om minnesf\u00f6rem\u00e5l<\/h3>\n<p>Minnesf\u00f6rem\u00e5ls betydelse f\u00f6r den s\u00f6rjande kan vara stor. N\u00e4r man unders\u00f6kte mammor som upplevt fosterd\u00f6d noterades det att minnesf\u00f6rem\u00e5lens roll var betydande f\u00f6r att forma ett anknytningsf\u00f6rh\u00e5llande mellan mamman och det f\u00f6rlorade barnet efter barnets d\u00f6d. Genom minnesf\u00f6rem\u00e5l \u00e4r den f\u00f6rlorade n\u00e4rst\u00e5ende en del av familjen. Dessutom uppr\u00e4tth\u00e5ller minnesf\u00f6rem\u00e5len minnet av barnet och bekr\u00e4ftar f\u00f6rlusten. F\u00f6rem\u00e5len st\u00e4rker barnets n\u00e4rvaro, m\u00f6jligg\u00f6r verkst\u00e4llighet av f\u00f6r\u00e4ldraskapet och bygger en familjeidentitet f\u00f6r mammor som upplevt fosterd\u00f6d. Minnesf\u00f6rem\u00e5len fungerar ocks\u00e5 som ett socialt s\u00e4tt att dela sorgen.<\/p>\n<p>Minnesf\u00f6rem\u00e5l kan vara exempelvis fotografier av en f\u00f6rlorad n\u00e4rst\u00e5ende, kl\u00e4der anskaffade till barnet och leksaker samt olika \u00e4nglaskulpturer.<\/p>\n<p>Det \u00e4r viktigt f\u00f6r den professionella att vara medveten om att minnesf\u00f6rem\u00e5lens betydelse f\u00f6r just dem som upplevt fosterd\u00f6d \u00e4r stor, eftersom de s\u00f6rjande med hj\u00e4lp av dem kan uttrycka och bekr\u00e4fta sin sorg och f\u00f6rlustens verklighet. Det \u00e4r p\u00e5 den professionellas ansvar att st\u00f6da s\u00f6rjande f\u00f6r\u00e4ldrar och att hj\u00e4lpa dem att skapa minnen som bekr\u00e4ftar f\u00f6rlusten. Den professionella kan till exempel erbjuda sig att ta ett fotografi av f\u00f6r\u00e4ldrarna d\u00e5 de h\u00e5ller det avlidna barnet eller att klippa en h\u00e5rlock av det f\u00f6rlorade barnet.<\/p>\n<h3>Tatueringar<\/h3>\n<p>Minnestatueringar \u00e4r ett s\u00e4tt f\u00f6r den s\u00f6rjande att uppr\u00e4tth\u00e5lla en f\u00f6rbindelse till den f\u00f6rlorade n\u00e4rst\u00e5ende eller att minska stigmat som \u00e4r f\u00f6renat med sorg, vilket ofta relaterar till f\u00f6rtigna sorger, s\u00e5som sorg f\u00f6renad med fosterd\u00f6d eller en n\u00e4rst\u00e5endes sj\u00e4lvmord. Tatueringen tas ofta p\u00e5 ett st\u00e4lle d\u00e4r det \u00e4r synligt f\u00f6r andra, med vilket man hoppas att m\u00e4nniskor ska l\u00e4gga m\u00e4rke till den. Med tatueringen vill man h\u00e5lla den avlidna n\u00e4rst\u00e5ende n\u00e4rvarande och visa att anknytningsf\u00f6rh\u00e5llandet till denne fortfarande finns kvar.<\/p>\n<\/div><div class=\"fusion-clearfix\"><\/div><\/div><\/div><\/div><\/div><\/div><div id=\"vinkkejakohtaamiseen\" class=\"fusion-container-anchor\"><div class=\"fusion-fullwidth fullwidth-box fusion-builder-row-11 nonhundred-percent-fullwidth non-hundred-percent-height-scrolling\" style=\"--awb-border-radius-top-left:0px;--awb-border-radius-top-right:0px;--awb-border-radius-bottom-right:0px;--awb-border-radius-bottom-left:0px;--awb-padding-left:0px;--awb-margin-top:1px;--awb-margin-bottom:-30px;--awb-flex-wrap:wrap;\" ><div class=\"fusion-builder-row fusion-row\"><div class=\"fusion-layout-column fusion_builder_column fusion-builder-column-9 fusion_builder_column_1_1 1_1 fusion-one-full fusion-column-first fusion-column-last\" style=\"--awb-bg-blend:overlay;--awb-bg-size:cover;\"><div class=\"fusion-column-wrapper fusion-flex-column-wrapper-legacy\"><div class=\"fusion-sep-clear\"><\/div><div class=\"fusion-separator fusion-full-width-sep\" style=\"margin-left: auto;margin-right: auto;margin-top:30px;width:100%;\"><\/div><div class=\"fusion-sep-clear\"><\/div>\n<div class=\"fusion-text fusion-text-12 fusion-text-no-margin\" style=\"--awb-content-alignment:left;--awb-text-transform:none;--awb-margin-top:50px;--awb-margin-bottom:-5px;\"><h2 style=\"text-align: center;\">Tips f\u00f6r bem\u00f6tande:<\/h2>\n<p>Det l\u00f6nar sig att granska vedertagna handlingss\u00e4tt kritiskt. Till exempel kan en icke kristen uppleva det som s\u00e5rande om man under sjukhusomst\u00e4ndigheter ber en pr\u00e4st att agera som st\u00f6d i sorgen. N\u00e4r du v\u00e4gleder den s\u00f6rjande vidare, beakta tillg\u00e4ngligheten till tj\u00e4nster och tillg\u00e5ngen p\u00e5 ett l\u00e4mpligt spr\u00e5k. Behandla den s\u00f6rjande som en individ och inta en ink\u00e4nnande och respekterande attityd.<\/p>\n<\/div><div class=\"fusion-clearfix\"><\/div><\/div><\/div><div class=\"fusion-layout-column fusion_builder_column fusion-builder-column-10 fusion_builder_column_2_3 2_3 fusion-two-third fusion-column-first\" style=\"--awb-padding-right:33px;--awb-bg-size:cover;width:66.666666666667%;width:calc(66.666666666667% - ( ( 4% ) * 0.66666666666667 ) );margin-right: 4%;\"><div class=\"fusion-column-wrapper fusion-column-has-shadow fusion-flex-column-wrapper-legacy\"><ul style=\"--awb-size:15px;--awb-iconcolor:#03a9f4;--awb-line-height:25.5px;--awb-icon-width:25.5px;--awb-icon-height:25.5px;--awb-icon-margin:10.5px;--awb-content-margin:36px;\" class=\"fusion-checklist fusion-checklist-1 fusion-checklist-default type-icons\"><li class=\"fusion-li-item\" style=\"\"><span class=\"icon-wrapper circle-no\"><i class=\"fusion-li-icon fa-angle-right fas\" aria-hidden=\"true\"><\/i><\/span><div class=\"fusion-li-item-content\">\n<p>Var medveten om dina egna f\u00f6rdomar och v\u00e5ga h\u00f6ra olikheter.<\/p>\n<\/div><\/li><li class=\"fusion-li-item\" style=\"\"><span class=\"icon-wrapper circle-no\"><i class=\"fusion-li-icon fa-angle-right fas\" aria-hidden=\"true\"><\/i><\/span><div class=\"fusion-li-item-content\">\n<p>Bem\u00f6t alla m\u00e4nniskor som individer och l\u00e5t dem sj\u00e4lva definiera sig sj\u00e4lva.<\/p>\n<\/div><\/li><li class=\"fusion-li-item\" style=\"\"><span class=\"icon-wrapper circle-no\"><i class=\"fusion-li-icon fa-angle-right fas\" aria-hidden=\"true\"><\/i><\/span><div class=\"fusion-li-item-content\">\n<p>Fr\u00e5ga vad den s\u00f6rjande sj\u00e4lv vill att du ska beakta.\u00a0L\u00e4gg m\u00e4rke till \u00f6ppenheten hos fr\u00e5gorna. Man kan snappa upp de ord med vilka den andra sj\u00e4lv beskriver sig sj\u00e4lv och sin familj. Anv\u00e4nd samma termer och ben\u00e4mningar om situationer och personer som den s\u00f6rjande.<\/p>\n<\/div><\/li><li class=\"fusion-li-item\" style=\"\"><span class=\"icon-wrapper circle-no\"><i class=\"fusion-li-icon fa-angle-right fas\" aria-hidden=\"true\"><\/i><\/span><div class=\"fusion-li-item-content\">\n<p>Kulturer \u00e4r annorlunda, hur den kulturella bakgrunden tar sig uttryck \u00e4r individuellt<\/p>\n<\/div><\/li><li class=\"fusion-li-item\" style=\"\"><span class=\"icon-wrapper circle-no\"><i class=\"fusion-li-icon fa-angle-right fas\" aria-hidden=\"true\"><\/i><\/span><div class=\"fusion-li-item-content\">\n<p>Var professionell: ta fram din egen professionella erfarenhet och kunskap som st\u00f6d till den s\u00f6rjande.<\/p>\n<\/div><\/li><li class=\"fusion-li-item\" style=\"\"><span class=\"icon-wrapper circle-no\"><i class=\"fusion-li-icon fa-angle-right fas\" aria-hidden=\"true\"><\/i><\/span><div class=\"fusion-li-item-content\">\n<p>Legitimera sorgen \u2013 ge lov att s\u00f6rja<\/p>\n<\/div><\/li><li class=\"fusion-li-item\" style=\"\"><span class=\"icon-wrapper circle-no\"><i class=\"fusion-li-icon fa-angle-right fas\" aria-hidden=\"true\"><\/i><\/span><div class=\"fusion-li-item-content\">\n<p>Om du s\u00e5rar den s\u00f6rjande, be om urs\u00e4kt.<\/p>\n<\/div><\/li><\/ul><div class=\"fusion-clearfix\"><\/div><\/div><\/div><div class=\"fusion-layout-column fusion_builder_column fusion-builder-column-11 fusion_builder_column_1_3 1_3 fusion-one-third fusion-column-last\" style=\"--awb-bg-size:cover;width:33.333333333333%;width:calc(33.333333333333% - ( ( 4% ) * 0.33333333333333 ) );\"><div class=\"fusion-column-wrapper fusion-column-has-shadow fusion-flex-column-wrapper-legacy\"><div class=\"fusion-image-element in-legacy-container\" style=\"--awb-caption-title-font-family:var(--h2_typography-font-family);--awb-caption-title-font-weight:var(--h2_typography-font-weight);--awb-caption-title-font-style:var(--h2_typography-font-style);--awb-caption-title-size:var(--h2_typography-font-size);--awb-caption-title-transform:var(--h2_typography-text-transform);--awb-caption-title-line-height:var(--h2_typography-line-height);--awb-caption-title-letter-spacing:var(--h2_typography-letter-spacing);\"><span class=\" fusion-imageframe imageframe-none imageframe-1 hover-type-none\"><img decoding=\"async\" width=\"693\" height=\"1024\" alt=\"Surevan kohtaamisessa on t\u00e4rke\u00e4\u00e4 my\u00f6t\u00e4tunto\" title=\"kohtaa sureva yksil\u00f6n\u00e4\" src=\"https:\/\/www.surevankohtaaminen.fi\/wp-content\/uploads\/2018\/11\/kohtaa-sureva-693x1024.png\" class=\"img-responsive wp-image-2112\" srcset=\"https:\/\/www.surevankohtaaminen.fi\/wp-content\/uploads\/2018\/11\/kohtaa-sureva-200x296.png 200w, https:\/\/www.surevankohtaaminen.fi\/wp-content\/uploads\/2018\/11\/kohtaa-sureva-400x591.png 400w, https:\/\/www.surevankohtaaminen.fi\/wp-content\/uploads\/2018\/11\/kohtaa-sureva-600x887.png 600w, https:\/\/www.surevankohtaaminen.fi\/wp-content\/uploads\/2018\/11\/kohtaa-sureva-800x1183.png 800w, https:\/\/www.surevankohtaaminen.fi\/wp-content\/uploads\/2018\/11\/kohtaa-sureva-1200x1774.png 1200w\" sizes=\"(max-width: 800px) 100vw, 400px\" \/><\/span><\/div><div class=\"fusion-clearfix\"><\/div><\/div><\/div><\/div><\/div><\/div><div id=\"lisatietoa\" class=\"fusion-container-anchor\"><div class=\"fusion-fullwidth fullwidth-box fusion-builder-row-12 nonhundred-percent-fullwidth non-hundred-percent-height-scrolling\" style=\"--awb-border-radius-top-left:0px;--awb-border-radius-top-right:0px;--awb-border-radius-bottom-right:0px;--awb-border-radius-bottom-left:0px;--awb-padding-left:0px;--awb-margin-top:1px;--awb-margin-bottom:100px;--awb-flex-wrap:wrap;\" ><div class=\"fusion-builder-row fusion-row\"><div class=\"fusion-layout-column fusion_builder_column fusion-builder-column-12 fusion_builder_column_1_1 1_1 fusion-one-full fusion-column-first fusion-column-last\" style=\"--awb-bg-blend:overlay;--awb-bg-size:cover;\"><div class=\"fusion-column-wrapper fusion-flex-column-wrapper-legacy\"><div class=\"fusion-sep-clear\"><\/div><div class=\"fusion-separator fusion-full-width-sep\" style=\"margin-left: auto;margin-right: auto;margin-top:30px;width:100%;\"><\/div><div class=\"fusion-sep-clear\"><\/div>\n<div class=\"fusion-text fusion-text-13 fusion-text-no-margin\" style=\"--awb-content-alignment:left;--awb-text-transform:none;--awb-margin-top:50px;--awb-margin-bottom:-5px;\"><h2 style=\"text-align: center;\">Var f\u00e5r jag mer information?<\/h2>\n<p>H\u00e4r hittar du nyttiga l\u00e4nkar, varifr\u00e5n du f\u00e5r mer information om den m\u00e5ngsidiga sorgen. Listan uppdateras.<\/p>\n<h3>Sidor:<\/h3>\n<\/div><ul style=\"--awb-iconcolor:#03a9f4;--awb-line-height:23.8px;--awb-icon-width:23.8px;--awb-icon-height:23.8px;--awb-icon-margin:9.8px;--awb-content-margin:33.6px;--awb-circlecolor:rgba(26,128,182,0);--awb-circle-yes-font-size:12.32px;\" class=\"fusion-checklist fusion-checklist-2 fusion-checklist-default type-icons\"><li class=\"fusion-li-item\" style=\"\"><span class=\"icon-wrapper circle-yes\"><i class=\"fusion-li-icon fa-angle-right fas\" aria-hidden=\"true\"><\/i><\/span><div class=\"fusion-li-item-content\"><a style=\"font-weight: 600!important; color: #006e96;\" href=\"https:\/\/www.familiary.fi\/index.html\" target=\"_blank\" rel=\"noopener\">Familia ry<\/a> \u00e4r en rikst\u00e4ckande expertorganisation f\u00f6r tv\u00e5kulturella familjer, fr\u00e5n vars sidor du hittar information som hj\u00e4lp i bem\u00f6tandet av tv\u00e5kulturella familjer.<\/div><\/li><\/ul><ul style=\"--awb-iconcolor:#03a9f4;--awb-line-height:23.8px;--awb-icon-width:23.8px;--awb-icon-height:23.8px;--awb-icon-margin:9.8px;--awb-content-margin:33.6px;--awb-circlecolor:rgba(26,128,182,0);--awb-circle-yes-font-size:12.32px;\" class=\"fusion-checklist fusion-checklist-3 fusion-checklist-default type-icons\"><li class=\"fusion-li-item\" style=\"\"><span class=\"icon-wrapper circle-yes\"><i class=\"fusion-li-icon fa-angle-right fas\" aria-hidden=\"true\"><\/i><\/span><div class=\"fusion-li-item-content\"><a style=\"font-weight: 600!important; color: #006e96;\" href=\"https:\/\/monimuotoisetperheet.fi\/ammattilaisille\/monimuotoisten-perheiden-kohtaaminen\/\" target=\"_blank\" rel=\"noopener\">N\u00e4tverket f\u00f6r familjers diversitet <\/a> har samlat omfattande information om bem\u00f6tandet av olika familjer p\u00e5 sina sidor.<\/div><\/li><\/ul><ul style=\"--awb-iconcolor:#03a9f4;--awb-line-height:23.8px;--awb-icon-width:23.8px;--awb-icon-height:23.8px;--awb-icon-margin:9.8px;--awb-content-margin:33.6px;--awb-circlecolor:rgba(26,128,182,0);--awb-circle-yes-font-size:12.32px;\" class=\"fusion-checklist fusion-checklist-4 fusion-checklist-default type-icons\"><li class=\"fusion-li-item\" style=\"\"><span class=\"icon-wrapper circle-yes\"><i class=\"fusion-li-icon fa-angle-right fas\" aria-hidden=\"true\"><\/i><\/span><div class=\"fusion-li-item-content\">N\u00e4tverket f\u00f6r familjers diversitet- <a style=\"font-weight: 600!important; color: #006e96;\" href=\"https:\/\/monimuotoisetperheet.fi\/ammattilaisille\/\" target=\"_blank\" rel=\"noopener\">Tips till proffs <\/a><\/div><\/li><\/ul><ul style=\"--awb-iconcolor:#03a9f4;--awb-line-height:23.8px;--awb-icon-width:23.8px;--awb-icon-height:23.8px;--awb-icon-margin:9.8px;--awb-content-margin:33.6px;--awb-circlecolor:rgba(26,128,182,0);--awb-circle-yes-font-size:12.32px;\" class=\"fusion-checklist fusion-checklist-5 fusion-checklist-default type-icons\"><li class=\"fusion-li-item\" style=\"\"><span class=\"icon-wrapper circle-yes\"><i class=\"fusion-li-icon fa-angle-right fas\" aria-hidden=\"true\"><\/i><\/span><div class=\"fusion-li-item-content\"><a style=\"font-weight: 600!important; color: #006e96;\" href=\"https:\/\/seta.fi\/sateenkaaritieto\/\" target=\"_blank\" rel=\"noopener\">P\u00e5 Seta rf:s <\/a> sidor finns information relaterad till k\u00f6ns- och sexualidentifieringens m\u00e5ngsidighet.<\/div><\/li><\/ul><ul style=\"--awb-iconcolor:#03a9f4;--awb-line-height:23.8px;--awb-icon-width:23.8px;--awb-icon-height:23.8px;--awb-icon-margin:9.8px;--awb-content-margin:33.6px;--awb-circlecolor:rgba(26,128,182,0);--awb-circle-yes-font-size:12.32px;\" class=\"fusion-checklist fusion-checklist-6 fusion-checklist-default type-icons\"><li class=\"fusion-li-item\" style=\"\"><span class=\"icon-wrapper circle-yes\"><i class=\"fusion-li-icon fa-angle-right fas\" aria-hidden=\"true\"><\/i><\/span><div class=\"fusion-li-item-content\"><a style=\"font-weight: 600!important; color: #006e96;\" href=\"https:\/\/www.suomenromaniyhdistys.fi\/\" target=\"_blank\" rel=\"noopener\">P\u00e5 Finlands Romanif\u00f6rening ry: <\/a>sidor finns information om romanikulturen.<\/div><\/li><\/ul><div class=\"fusion-text fusion-text-14\" style=\"--awb-text-transform:none;--awb-margin-top:30px;\"><h3>Anvisningar och publikationer:<\/h3>\n<\/div><ul style=\"--awb-iconcolor:#03a9f4;--awb-line-height:23.8px;--awb-icon-width:23.8px;--awb-icon-height:23.8px;--awb-icon-margin:9.8px;--awb-content-margin:33.6px;--awb-circlecolor:rgba(26,128,182,0);--awb-circle-yes-font-size:12.32px;\" class=\"fusion-checklist fusion-checklist-7 fusion-checklist-default type-icons\"><li class=\"fusion-li-item\" style=\"\"><span class=\"icon-wrapper circle-yes\"><i class=\"fusion-li-icon fa-angle-right fas\" aria-hidden=\"true\"><\/i><\/span><div class=\"fusion-li-item-content\">N\u00e4tverket f\u00f6r familjers diversitet: <a style=\"font-weight: 600!important; color: #006e96;\" href=\"https:\/\/monimuotoisetperheet.fi\/wp-content\/uploads\/2020\/10\/Monimuotoiset-perheet-varhaiskasvatuksessa.pdf\" target=\"_blank\" rel=\"noopener\">Opas varhaiskasvattajille <\/a><\/div><\/li><\/ul><ul style=\"--awb-iconcolor:#03a9f4;--awb-line-height:23.8px;--awb-icon-width:23.8px;--awb-icon-height:23.8px;--awb-icon-margin:9.8px;--awb-content-margin:33.6px;--awb-circlecolor:rgba(26,128,182,0);--awb-circle-yes-font-size:12.32px;\" class=\"fusion-checklist fusion-checklist-8 fusion-checklist-default type-icons\"><li class=\"fusion-li-item\" style=\"\"><span class=\"icon-wrapper circle-yes\"><i class=\"fusion-li-icon fa-angle-right fas\" aria-hidden=\"true\"><\/i><\/span><div class=\"fusion-li-item-content\"><a style=\"font-weight: 600!important; color: #006e96;\" href=\"https:\/\/www.dropbox.com\/s\/bfgw8cddd30vtkp\/NORMIT_NURIN.pdf?dl=0\" target=\"_blank\" rel=\"noopener\">Normit nurin <\/a><a style=\"font-weight: 600!important; color: #006e96;\" href=\"https:\/\/monimuotoisetperheet.fi\/wp-content\/uploads\/2020\/10\/Monimuotoiset-perheet-varhaiskasvatuksessa.pdf\" target=\"_blank\" rel=\"noopener\"><\/div><\/li><\/ul><ul style=\"--awb-iconcolor:#03a9f4;--awb-line-height:23.8px;--awb-icon-width:23.8px;--awb-icon-height:23.8px;--awb-icon-margin:9.8px;--awb-content-margin:33.6px;--awb-circlecolor:rgba(26,128,182,0);--awb-circle-yes-font-size:12.32px;\" class=\"fusion-checklist fusion-checklist-9 fusion-checklist-default type-icons\"><li class=\"fusion-li-item\" style=\"\"><span class=\"icon-wrapper circle-yes\"><i class=\"fusion-li-icon fa-angle-right fas\" aria-hidden=\"true\"><\/i><\/span><div class=\"fusion-li-item-content\"><\/a><a style=\"font-weight: 600!important; color: #006e96;\" href=\"https:\/\/www.julkari.fi\/bitstream\/handle\/10024\/136193\/7.8.PALOMA_KA%cc%88SIKIRJA_WEB.pdf?sequence=4&amp;isAllowed=y\" target=\"_blank\" rel=\"noopener\">Paloma k\u00e4sikirja <\/a><a style=\"font-weight: 600!important; color: #006e96;\" href=\"https:\/\/monimuotoisetperheet.fi\/wp-content\/uploads\/2020\/10\/Monimuotoiset-perheet-varhaiskasvatuksessa.pdf\" target=\"_blank\" rel=\"noopener\"><\/div><\/li><\/ul><ul style=\"--awb-iconcolor:#03a9f4;--awb-line-height:23.8px;--awb-icon-width:23.8px;--awb-icon-height:23.8px;--awb-icon-margin:9.8px;--awb-content-margin:33.6px;--awb-circlecolor:rgba(26,128,182,0);--awb-circle-yes-font-size:12.32px;\" class=\"fusion-checklist fusion-checklist-10 fusion-checklist-default type-icons\"><li class=\"fusion-li-item\" style=\"\"><span class=\"icon-wrapper circle-yes\"><i class=\"fusion-li-icon fa-angle-right fas\" aria-hidden=\"true\"><\/i><\/span><div class=\"fusion-li-item-content\"><\/a><a style=\"font-weight: 600!important; color: #006e96;\" href=\"https:\/\/www.psyli.fi\/wpcontent\/uploads\/2020\/09\/Seksuaalisen_suuntautumisen_ja_sukupuolen_moninaisuus_2020_sivut_u.pdf\" target=\"_blank\" rel=\"noopener\">Seksuaalisen suuntautumisen ja sukupuolen moninaisuus \u2013 Mit\u00e4 jokaisen psykologin tulisi tiet\u00e4\u00e4 asiakkaan kohtaamisesta <\/a><a style=\"font-weight: 600!important; color: #006e96;\" href=\"https:\/\/monimuotoisetperheet.fi\/wp-content\/uploads\/2020\/10\/Monimuotoiset-perheet-varhaiskasvatuksessa.pdf\" target=\"_blank\" rel=\"noopener\"><\/div><\/li><\/ul><div class=\"fusion-clearfix\"><\/div><\/div><\/div><\/div><\/div><\/div><div class=\"fusion-fullwidth fullwidth-box fusion-builder-row-13 fusion-flex-container nonhundred-percent-fullwidth non-hundred-percent-height-scrolling\" style=\"--awb-border-radius-top-left:0px;--awb-border-radius-top-right:0px;--awb-border-radius-bottom-right:0px;--awb-border-radius-bottom-left:0px;--awb-flex-wrap:wrap;\" ><div class=\"fusion-builder-row fusion-row fusion-flex-align-items-flex-start fusion-flex-content-wrap\" style=\"max-width:1144px;margin-left: calc(-4% \/ 2 );margin-right: calc(-4% \/ 2 );\"><div class=\"fusion-layout-column fusion_builder_column fusion-builder-column-13 fusion_builder_column_1_1 1_1 fusion-flex-column\" style=\"--awb-bg-blend:overlay;--awb-bg-size:cover;--awb-width-large:100%;--awb-margin-top-large:0px;--awb-spacing-right-large:1.92%;--awb-margin-bottom-large:0px;--awb-spacing-left-large:1.92%;--awb-width-medium:100%;--awb-spacing-right-medium:1.92%;--awb-spacing-left-medium:1.92%;--awb-width-small:100%;--awb-spacing-right-small:1.92%;--awb-spacing-left-small:1.92%;\"><div class=\"fusion-column-wrapper fusion-flex-justify-content-flex-start fusion-content-layout-column\"><div class=\"fusion-text fusion-text-15\"><\/div><\/div><\/div><\/div><\/div><div class=\"fusion-fullwidth fullwidth-box fusion-builder-row-14 fusion-flex-container nonhundred-percent-fullwidth non-hundred-percent-height-scrolling\" style=\"--awb-border-radius-top-left:0px;--awb-border-radius-top-right:0px;--awb-border-radius-bottom-right:0px;--awb-border-radius-bottom-left:0px;--awb-flex-wrap:wrap;\" ><div class=\"fusion-builder-row fusion-row fusion-flex-align-items-flex-start fusion-flex-content-wrap\" style=\"max-width:1144px;margin-left: calc(-4% \/ 2 );margin-right: calc(-4% \/ 2 );\"><div class=\"fusion-layout-column fusion_builder_column fusion-builder-column-14 fusion_builder_column_1_1 1_1 fusion-flex-column\" style=\"--awb-bg-size:cover;--awb-width-large:100%;--awb-margin-top-large:0px;--awb-spacing-right-large:1.92%;--awb-margin-bottom-large:0px;--awb-spacing-left-large:1.92%;--awb-width-medium:100%;--awb-spacing-right-medium:1.92%;--awb-spacing-left-medium:1.92%;--awb-width-small:100%;--awb-spacing-right-small:1.92%;--awb-spacing-left-small:1.92%;\"><div class=\"fusion-column-wrapper fusion-flex-justify-content-flex-start fusion-content-layout-column\"><div class=\"fusion-text fusion-text-16\"><p><\/a><\/p>\n<\/div><\/div><\/div><\/div><\/div><\/p>\n","protected":false},"excerpt":{"rendered":"","protected":false},"author":1,"featured_media":0,"parent":0,"menu_order":0,"comment_status":"closed","ping_status":"closed","template":"","meta":{"_exactmetrics_skip_tracking":false,"_exactmetrics_sitenote_active":false,"_exactmetrics_sitenote_note":"","_exactmetrics_sitenote_category":0,"footnotes":""},"categories":[266],"tags":[],"yst_prominent_words":[],"class_list":["post-3840","page","type-page","status-publish","hentry","category-valineita-kohtaamisiin-en-sv"],"_links":{"self":[{"href":"https:\/\/www.surevankohtaaminen.fi\/sv\/wp-json\/wp\/v2\/pages\/3840","targetHints":{"allow":["GET"]}}],"collection":[{"href":"https:\/\/www.surevankohtaaminen.fi\/sv\/wp-json\/wp\/v2\/pages"}],"about":[{"href":"https:\/\/www.surevankohtaaminen.fi\/sv\/wp-json\/wp\/v2\/types\/page"}],"author":[{"embeddable":true,"href":"https:\/\/www.surevankohtaaminen.fi\/sv\/wp-json\/wp\/v2\/users\/1"}],"replies":[{"embeddable":true,"href":"https:\/\/www.surevankohtaaminen.fi\/sv\/wp-json\/wp\/v2\/comments?post=3840"}],"version-history":[{"count":11,"href":"https:\/\/www.surevankohtaaminen.fi\/sv\/wp-json\/wp\/v2\/pages\/3840\/revisions"}],"predecessor-version":[{"id":6514,"href":"https:\/\/www.surevankohtaaminen.fi\/sv\/wp-json\/wp\/v2\/pages\/3840\/revisions\/6514"}],"wp:attachment":[{"href":"https:\/\/www.surevankohtaaminen.fi\/sv\/wp-json\/wp\/v2\/media?parent=3840"}],"wp:term":[{"taxonomy":"category","embeddable":true,"href":"https:\/\/www.surevankohtaaminen.fi\/sv\/wp-json\/wp\/v2\/categories?post=3840"},{"taxonomy":"post_tag","embeddable":true,"href":"https:\/\/www.surevankohtaaminen.fi\/sv\/wp-json\/wp\/v2\/tags?post=3840"},{"taxonomy":"yst_prominent_words","embeddable":true,"href":"https:\/\/www.surevankohtaaminen.fi\/sv\/wp-json\/wp\/v2\/yst_prominent_words?post=3840"}],"curies":[{"name":"wp","href":"https:\/\/api.w.org\/{rel}","templated":true}]}}