{"id":3880,"date":"2021-11-26T14:38:18","date_gmt":"2021-11-26T11:38:18","guid":{"rendered":"https:\/\/www.surevankohtaaminen.fi\/?page_id=3880"},"modified":"2021-12-01T12:45:46","modified_gmt":"2021-12-01T09:45:46","slug":"att-hjalpa-en-manniska-i-kris","status":"publish","type":"page","link":"https:\/\/www.surevankohtaaminen.fi\/sv\/att-hjalpa-en-manniska-i-kris\/","title":{"rendered":"Att hj\u00e4lpa en m\u00e4nniska i kris"},"content":{"rendered":"<p><div id=\"sis\u00e4lt\u00f6\" class=\"fusion-container-anchor\"><div class=\"fusion-fullwidth fullwidth-box fusion-builder-row-1 nonhundred-percent-fullwidth non-hundred-percent-height-scrolling\" style=\"--awb-border-radius-top-left:0px;--awb-border-radius-top-right:0px;--awb-border-radius-bottom-right:0px;--awb-border-radius-bottom-left:0px;--awb-flex-wrap:wrap;\" ><div class=\"fusion-builder-row fusion-row\"><div class=\"fusion-layout-column fusion_builder_column fusion-builder-column-0 fusion_builder_column_1_1 1_1 fusion-one-full fusion-column-first fusion-column-last\" style=\"--awb-bg-size:cover;\"><div class=\"fusion-column-wrapper fusion-flex-column-wrapper-legacy\"><div class=\"fusion-text fusion-text-1\" style=\"--awb-text-transform:none;\"><h1 style=\"text-align: center;\">ATT HJ\u00c4LPA EN M\u00c4NNISKA I KRIS<\/h1>\n<\/div><div class=\"fusion-sep-clear\"><\/div><div class=\"fusion-separator\" style=\"margin-left: auto;margin-right: auto;margin-bottom:10px;width:100%;max-width:50%;\"><div class=\"fusion-separator-border sep-single sep-dashed\" style=\"--awb-height:20px;--awb-amount:20px;border-color:#e4f3f6;border-top-width:2px;\"><\/div><\/div><div class=\"fusion-sep-clear\"><\/div><div class=\"fusion-clearfix\"><\/div><\/div><\/div><\/div><\/div><\/div><div id=\"sisalto\" class=\"fusion-container-anchor\"><div class=\"fusion-fullwidth fullwidth-box fusion-builder-row-2 nonhundred-percent-fullwidth non-hundred-percent-height-scrolling\" style=\"--awb-border-radius-top-left:0px;--awb-border-radius-top-right:0px;--awb-border-radius-bottom-right:0px;--awb-border-radius-bottom-left:0px;--awb-flex-wrap:wrap;\" ><div class=\"fusion-builder-row fusion-row\"><div class=\"fusion-layout-column fusion_builder_column fusion-builder-column-1 fusion_builder_column_1_1 1_1 fusion-one-full fusion-column-first fusion-column-last\" style=\"--awb-bg-size:cover;\"><div class=\"fusion-column-wrapper fusion-flex-column-wrapper-legacy\"><div class=\"fusion-content-boxes content-boxes columns row fusion-columns-3 fusion-columns-total-3 fusion-content-boxes-1 content-boxes-icon-boxed content-left\" style=\"--awb-title-color:#02b2e3;--awb-iconcolor:#006e96;--awb-margin-top:10px;--awb-margin-bottom:10px;--awb-hover-accent-color:#02b2e3;--awb-circle-hover-accent-color:#02b2e3;\" data-animationOffset=\"top-into-view\"><div style=\"--awb-backgroundcolor:#e4f3f6;--awb-iconcolor:#006e96;\" class=\"fusion-column content-box-column content-box-column content-box-column-1 col-lg-4 col-md-4 col-sm-4 fusion-content-box-hover content-box-column-first-in-row\"><div class=\"col content-box-wrapper content-wrapper-background content-wrapper-boxed link-area-link-icon link-type-button-bar icon-hover-animation-fade\" data-animationOffset=\"top-into-view\"><div class=\"heading heading-with-icon icon-left\"><a class=\"heading-link\" href=\"https:\/\/www.surevankohtaaminen.fi\/sv\/att-hjalpa-en-manniska-i-kris\/#kriisiapu\" target=\"_self\"><div class=\"icon\"><i style=\"border-color:#a3d8e5;border-width:1px;background-color:#a3d8e5;box-sizing:content-box;height:42px;width:42px;line-height:42px;top:-71px;margin-left:-21px;border-radius:50%;font-size:21px;\" aria-hidden=\"true\" class=\"fontawesome-icon fa-people-carry fas circle-yes\"><\/i><\/div><h2 class=\"content-box-heading fusion-responsive-typography-calculated\" style=\"--h2_typography-font-size:18px;--fontSize:18;line-height:1.5;\">Vad \u00e4r krishj\u00e4lp och vem ger den?<\/h2><\/a><\/div><div class=\"fusion-clearfix\"><\/div><div class=\"content-container\">\n<p>F\u00f6r att ge lagstadgad krishj\u00e4lp beh\u00f6vs en professionell med utbildning inom krisarbete. Att st\u00f6da och ta hand om den s\u00f6rjandes behov direkt efter en f\u00f6rlust \u00e4r dock allas uppgift.<\/p>\n<\/div><div class=\"fusion-clearfix\"><\/div><a class=\" fusion-read-more fusion-button-bar\" href=\"https:\/\/www.surevankohtaaminen.fi\/sv\/att-hjalpa-en-manniska-i-kris\/#kriisiapu\" target=\"_self\">Se mer<\/a><div class=\"fusion-clearfix\"><\/div><\/div><\/div><div style=\"--awb-backgroundcolor:#e4f3f6;--awb-iconcolor:#006e96;\" class=\"fusion-column content-box-column content-box-column content-box-column-2 col-lg-4 col-md-4 col-sm-4 fusion-content-box-hover \"><div class=\"col content-box-wrapper content-wrapper-background content-wrapper-boxed link-area-link-icon link-type-button-bar icon-hover-animation-fade\" data-animationOffset=\"top-into-view\"><div class=\"heading heading-with-icon icon-left\"><a class=\"heading-link\" href=\"https:\/\/www.surevankohtaaminen.fi\/sv\/att-hjalpa-en-manniska-i-kris\/#mitenauttaa\" target=\"_self\"><div class=\"icon\"><i style=\"border-color:#a3d8e5;border-width:1px;background-color:#a3d8e5;box-sizing:content-box;height:42px;width:42px;line-height:42px;top:-71px;margin-left:-21px;border-radius:50%;font-size:21px;\" aria-hidden=\"true\" class=\"fontawesome-icon fa-gavel fas circle-yes\"><\/i><\/div><h2 class=\"content-box-heading fusion-responsive-typography-calculated\" style=\"--h2_typography-font-size:18px;--fontSize:18;line-height:1.5;\">Hur kan jag hj\u00e4lpa en m\u00e4nniska i kris?<\/h2><\/a><\/div><div class=\"fusion-clearfix\"><\/div><div class=\"content-container\">\n<p>Man ska inte vara r\u00e4dd f\u00f6r att m\u00f6ta en m\u00e4nniska i kris, \u00e4ven om man kanske inte \u00e4r en utbildad inom krisarbete. I det f\u00f6rsta skedet <strong>r\u00e4cker det med att vara n\u00e4rvarande och ta hand om den krisdrabbades basala behov.<\/strong><\/p>\n<\/div><div class=\"fusion-clearfix\"><\/div><a class=\" fusion-read-more fusion-button-bar\" href=\"https:\/\/www.surevankohtaaminen.fi\/sv\/att-hjalpa-en-manniska-i-kris\/#mitenauttaa\" target=\"_self\">Se mer<\/a><div class=\"fusion-clearfix\"><\/div><\/div><\/div><div style=\"--awb-backgroundcolor:#e4f3f6;--awb-iconcolor:#006e96;\" class=\"fusion-column content-box-column content-box-column content-box-column-3 col-lg-4 col-md-4 col-sm-4 fusion-content-box-hover content-box-column-last content-box-column-last-in-row\"><div class=\"col content-box-wrapper content-wrapper-background content-wrapper-boxed link-area-link-icon link-type-button-bar icon-hover-animation-fade\" data-animationOffset=\"top-into-view\"><div class=\"heading heading-with-icon icon-left\"><a class=\"heading-link\" href=\"https:\/\/www.surevankohtaaminen.fi\/sv\/att-hjalpa-en-manniska-i-kris\/#ensure\" target=\"_self\"><div class=\"icon\"><i style=\"border-color:#a3d8e5;border-width:1px;background-color:#a3d8e5;box-sizing:content-box;height:42px;width:42px;line-height:42px;top:-71px;margin-left:-21px;border-radius:50%;font-size:21px;\" aria-hidden=\"true\" class=\"fontawesome-icon fa-hands-helping fas circle-yes\"><\/i><\/div><h2 class=\"content-box-heading fusion-responsive-typography-calculated\" style=\"--h2_typography-font-size:18px;--fontSize:18;line-height:1.5;\">Hur s\u00e4kerst\u00e4ller man att den s\u00f6rjande f\u00e5r lagstadgad krishj\u00e4lp?<\/h2><\/a><\/div><div class=\"fusion-clearfix\"><\/div><div class=\"content-container\">\n<p>F\u00f6r att de s\u00f6rjandes lagstadgade r\u00e4tt till krishj\u00e4lp ska f\u00f6rverkligas, beh\u00f6ver de professionella som m\u00f6ter dem veta hur krishj\u00e4lp organiseras p\u00e5 den egna orten och hur man s\u00e4kerst\u00e4ller att de s\u00f6rjande f\u00e5r tillg\u00e5ng till de n\u00f6dv\u00e4ndiga tj\u00e4nsterna.<\/p>\n<\/div><div class=\"fusion-clearfix\"><\/div><a class=\" fusion-read-more fusion-button-bar\" href=\"https:\/\/www.surevankohtaaminen.fi\/sv\/att-hjalpa-en-manniska-i-kris\/#ensure\" target=\"_self\">Se mer<\/a><div class=\"fusion-clearfix\"><\/div><\/div><\/div><div class=\"fusion-clearfix\"><\/div><\/div><div class=\"accordian fusion-accordian\" style=\"--awb-border-size:1px;--awb-icon-size:13px;--awb-content-font-size:16px;--awb-icon-alignment:left;--awb-hover-color:#a3d8e5;--awb-border-color:#a3d8e5;--awb-background-color:#e4f3f6;--awb-divider-color:#e4f3f6;--awb-divider-hover-color:#e4f3f6;--awb-icon-color:#006e96;--awb-title-color:#02b2e3;--awb-content-color:#000000;--awb-icon-box-color:#02b2e3;--awb-toggle-hover-accent-color:#c6abd2;--awb-title-font-family:&quot;Roboto&quot;;--awb-title-font-weight:700;--awb-title-font-style:normal;--awb-title-font-size:16px;--awb-content-font-family:&quot;Roboto&quot;;--awb-content-font-style:normal;--awb-content-font-weight:400;\"><div class=\"panel-group fusion-toggle-icon-boxed\" id=\"accordion-3880-1\"><div class=\"fusion-panel panel-default panel-d359684a548a6c3d7 fusion-toggle-has-divider\"><div class=\"panel-heading\"><h4 class=\"panel-title toggle\" id=\"toggle_d359684a548a6c3d7\"><a aria-expanded=\"false\" aria-controls=\"d359684a548a6c3d7\" role=\"button\" data-toggle=\"collapse\" data-parent=\"#accordion-3880-1\" data-target=\"#d359684a548a6c3d7\" href=\"#d359684a548a6c3d7\"><span class=\"fusion-toggle-icon-wrapper\" aria-hidden=\"true\"><i class=\"fa-fusion-box active-icon awb-icon-minus\" aria-hidden=\"true\"><\/i><i class=\"fa-fusion-box inactive-icon awb-icon-plus\" aria-hidden=\"true\"><\/i><\/span><span class=\"fusion-toggle-heading\">Litteraturf\u00f6rteckning:<\/span><\/a><\/h4><\/div><div id=\"d359684a548a6c3d7\" class=\"panel-collapse collapse \" aria-labelledby=\"toggle_d359684a548a6c3d7\"><div class=\"panel-body toggle-content fusion-clearfix\">\n<p><strong>S\u00e4hk\u00f6iset l\u00e4hteet:\u00a0<\/strong><\/p>\n<ul>\n<li>Hoitoty\u00f6n tutkimuss\u00e4\u00e4ti\u00f6 (2018). <em>\u00c4killisesti kuolleen henkil\u00f6n l\u00e4heisten tukeminen. Hoitoty\u00f6n suositus<\/em> (online). Hoitoty\u00f6n tutkimuss\u00e4\u00e4ti\u00f6n asettama ty\u00f6ryhm\u00e4. Helsinki: Hoitoty\u00f6n tutkimuss\u00e4\u00e4ti\u00f6, 2018). Luettu 12.12.2019. Saatavilla: <a title=\"www.hotus.fi\" href=\"http:\/\/www.hotus.fi\">www.hotus.fi<\/a>.<\/li>\n<li>Holopainen, L. (2019). Sosiaali- ja terveysministeri\u00f6: Sosiaalip\u00e4ivystys, psykososiaalisen tuen suositus. Luettu 12.12.2019. Saatavilla: https:\/\/stm.fi\/documents\/1271139\/13384557\/Holopainen+Liisa+Sosiaalip%C3%A4ivystys%2C+psykososiaalisen+tuen+suositus<\/li>\n<li>Sosiaali- ja terveysministeri\u00f6 (2019). <em>\u00c4killisten traumaattisten tilanteiden psykososiaalisen tuen kehitt\u00e4misen ty\u00f6ryhm\u00e4n loppuraportti. <\/em>Sosiaali- ja terveysministeri\u00f6n raportteja ja muistioita 2019:46. Luettu 12.12.2019. Saatavilla: http:\/\/urn.fi\/URN:ISBN:978-952-00-4090-1<\/li>\n<\/ul>\n<p><strong>Kirjalliset l\u00e4hteet:<\/strong><\/p>\n<ul>\n<li>Dyregrov K., Dyregrov A. (2008).\u00a0<em>Effective Grief and Bereavement Support. The Role of Family, Friends, Colleagues, Schools and Support Professionals. <\/em>Lontoo: JKP<em>.\u00a0<\/em><\/li>\n<li>Hammarlund, O. (2004). <em>Kriisikeskustelu. Kriisituki, j\u00e4lkipuinti, stressin ja konfliktien k\u00e4site.<\/em> Tallinna: Tietosanoma.<\/li>\n<li>Hedrenius S., Johansson S. (2016). <em>Kriisituki. Ensiapua onnettomuuksien, katastrofien ja j\u00e4rkytt\u00e4vien tapahtumien k\u00e4sittelyyn.<\/em> Tallinna: Tietosanoma. Suom. Strellman U. Ruotsinkielinen alkuteos<em> Krisst\u00f6d vid vid olyckor, katastrofer ock sv\u00e5ra h\u00e4ndelser: att st\u00e4rka m\u00e4nniskors motst\u00e5ndskraft <\/em>(2013)<em>.<\/em><\/li>\n<li>Poijula, S. (2018). <em> Resilienssi \u2013 Muutosten kohtaamisen taito<\/em>. Helsinki: Kirjapaja.<\/li>\n<\/ul>\n<p><strong>Muut l\u00e4hteet:\u00a0<\/strong><\/p>\n<ul>\n<li>Haastattelu Tampereen kriisikeskus Osviitan kriisity\u00f6ntekij\u00e4 Tarja Saurion kanssa Tampereella 10.10.2019.<\/li>\n<li>Haastattelu Huoma &#8211; henkirikoksen uhrien l\u00e4heiset ry:n kokemusasiantuntija Tuula Backmanin kanssa Tampereella 10.10.2019.<\/li>\n<li>Muu Surevan kohtaaminen -hankkeen kokemusasiantuntijoilta ja suruj\u00e4rjest\u00f6jen ty\u00f6ntekij\u00f6ilt\u00e4 saatu kokemusper\u00e4inen tieto.<\/li>\n<\/ul>\n<\/div><\/div><\/div><\/div><\/div><div class=\"fusion-clearfix\"><\/div><\/div><\/div><\/div><\/div><\/div><div id=\"kriisiapu\" class=\"fusion-container-anchor\"><div class=\"fusion-fullwidth fullwidth-box fusion-builder-row-3 nonhundred-percent-fullwidth non-hundred-percent-height-scrolling\" style=\"--awb-border-radius-top-left:0px;--awb-border-radius-top-right:0px;--awb-border-radius-bottom-right:0px;--awb-border-radius-bottom-left:0px;--awb-flex-wrap:wrap;\" ><div class=\"fusion-builder-row fusion-row\"><div class=\"fusion-layout-column fusion_builder_column fusion-builder-column-2 fusion_builder_column_1_1 1_1 fusion-one-full fusion-column-first fusion-column-last\" style=\"--awb-bg-size:cover;\"><div class=\"fusion-column-wrapper fusion-flex-column-wrapper-legacy\"><div class=\"fusion-sep-clear\"><\/div><div class=\"fusion-separator fusion-full-width-sep\" style=\"margin-left: auto;margin-right: auto;margin-top:10px;margin-bottom:10px;width:100%;\"><\/div><div class=\"fusion-sep-clear\"><\/div><div class=\"fusion-text fusion-text-2\"><div class=\"fusion-sep-clear\"><\/div><div class=\"fusion-separator fusion-full-width-sep\" style=\"margin-left: auto;margin-right: auto;margin-top:30px;width:100%;\"><\/div><div class=\"fusion-sep-clear\"><\/div>\n<\/div><div class=\"fusion-sep-clear\"><\/div><div class=\"fusion-separator fusion-full-width-sep\" style=\"margin-left: auto;margin-right: auto;margin-top:10px;margin-bottom:10px;width:100%;\"><\/div><div class=\"fusion-sep-clear\"><\/div><div class=\"fusion-sep-clear\"><\/div><div class=\"fusion-separator fusion-full-width-sep\" style=\"margin-left: auto;margin-right: auto;margin-top:10px;margin-bottom:10px;width:100%;\"><\/div><div class=\"fusion-sep-clear\"><\/div><div class=\"fusion-sep-clear\"><\/div><div class=\"fusion-separator fusion-full-width-sep\" style=\"margin-left: auto;margin-right: auto;margin-top:10px;margin-bottom:10px;width:100%;\"><\/div><div class=\"fusion-sep-clear\"><\/div><div class=\"fusion-text fusion-text-3\" style=\"--awb-text-transform:none;\"><h2 style=\"text-align: center;\">Vad \u00e4r krishj\u00e4lp och vem ger den?<\/h2>\n<\/div><div class=\"fusion-sep-clear\"><\/div><div class=\"fusion-separator fusion-full-width-sep\" style=\"margin-left: auto;margin-right: auto;margin-top:10px;margin-bottom:10px;width:100%;\"><\/div><div class=\"fusion-sep-clear\"><\/div><div class=\"fusion-text fusion-text-4\" style=\"--awb-text-transform:none;\"><p>N\u00e4r man talar om att hj\u00e4lpa en m\u00e4nniska i kris, \u00e4r det viktigt att skilja p\u00e5 tv\u00e5 saker:<\/p>\n<\/div><ul style=\"--awb-size:17px;--awb-iconcolor:#93559d;--awb-line-height:28.9px;--awb-icon-width:28.9px;--awb-icon-height:28.9px;--awb-icon-margin:11.9px;--awb-content-margin:40.8px;\" class=\"fusion-checklist fusion-checklist-1 fusion-checklist-default type-icons\"><li class=\"fusion-li-item\" style=\"\"><span class=\"icon-wrapper circle-no\"><i class=\"fusion-li-icon fa-angle-right fas\" aria-hidden=\"true\"><\/i><\/span><div class=\"fusion-li-item-content\">\n<p><span style=\"color: #93559d;\"><strong>Lagstadgad krishj\u00e4lp fr\u00e5n en professionell och psykosocialt st\u00f6d.<\/strong><\/span><span style=\"color: #93559d;\"><strong>\u00a0<\/strong><span style=\"color: #000000;\">Den best\u00e5r av en f\u00f6rsta bed\u00f6mning, akut krisarbete, psykisk bearbetning, n\u00f6dv\u00e4ndigt socialarbete och aktiv uppf\u00f6ljning. Lagstadgad krishj\u00e4lp f\u00e5r den s\u00f6rjande fr\u00e5n social- och krisjouren inom det egna sjukv\u00e5rdsdistriktet. Vid behov kan den s\u00f6rjande ocks\u00e5 h\u00e4nvisas till ett kriscenter drivet av tredje sektorn. <\/span> <\/span><\/p>\n<\/div><\/li><li class=\"fusion-li-item\" style=\"\"><span class=\"icon-wrapper circle-no\"><i class=\"fusion-li-icon fa-angle-right fas\" aria-hidden=\"true\"><\/i><\/span><div class=\"fusion-li-item-content\"><span style=\"color: #93559d;\"><strong>N\u00e4rvarande st\u00f6d och att ta hand om praktiska behov och trygghet. <\/strong><span style=\"color: #000000;\">Krishj\u00e4lp som inneh\u00e5ller psykisk bearbetning av en n\u00e4rst\u00e5endes d\u00f6d \u00e4r en utbildad krisarbetares uppgift. Omedelbart efter det skedda beh\u00f6ver dock den s\u00f6rjande framf\u00f6r allt medk\u00e4nnande n\u00e4rvaro och att n\u00e5gon tar hand om hans\/hennes basala behov och trygghet. Denna typ av hj\u00e4lp \u00e4r en uppgift f\u00f6r alla som m\u00f6ter den s\u00f6rjande. \u00a0<\/span> <\/span><\/div><\/li><\/ul><div class=\"fusion-clearfix\"><\/div><\/div><\/div><\/div><\/div><\/div><div class=\"fusion-fullwidth fullwidth-box fusion-builder-row-4 nonhundred-percent-fullwidth non-hundred-percent-height-scrolling\" style=\"--awb-border-radius-top-left:0px;--awb-border-radius-top-right:0px;--awb-border-radius-bottom-right:0px;--awb-border-radius-bottom-left:0px;--awb-flex-wrap:wrap;\" ><div class=\"fusion-builder-row fusion-row\"><div class=\"fusion-layout-column fusion_builder_column fusion-builder-column-3 fusion_builder_column_1_1 1_1 fusion-one-full fusion-column-first fusion-column-last\" style=\"--awb-bg-size:cover;\"><div class=\"fusion-column-wrapper fusion-column-has-shadow fusion-flex-column-wrapper-legacy\"><div class=\"fusion-text fusion-text-5\" style=\"--awb-text-transform:none;\"><h3 style=\"text-align: center;\">Kapning av krisens spets i centrum<\/h3>\n<\/div><div class=\"fusion-text fusion-text-6\" style=\"--awb-text-transform:none;\"><p>Med en kris avses en situation d\u00e4r den krisdrabbades tidigare handlings- och \u00f6verlevnadss\u00e4tt inte l\u00e4ngre fungerar eller r\u00e4cker till i den f\u00f6r\u00e4ndrade situationen. <strong><span style=\"color: #006e96;\">En kris \u00e4r en onormal situation, som det \u00e4r normalt att reagera kraftigt p\u00e5. En krisdrabbad person beh\u00f6ver ofta utomst\u00e5ende hj\u00e4lp.<\/span><\/strong><\/p>\n<p><img decoding=\"async\" class=\"alignright wp-image-2145\" src=\"https:\/\/www.surevankohtaaminen.fi\/wp-content\/uploads\/2019\/01\/anna-tietoa-artikkelikuva-4.jpg\" alt=\"\" width=\"338\" height=\"338\" srcset=\"https:\/\/www.surevankohtaaminen.fi\/wp-content\/uploads\/2019\/01\/anna-tietoa-artikkelikuva-4-50x50.jpg 50w, https:\/\/www.surevankohtaaminen.fi\/wp-content\/uploads\/2019\/01\/anna-tietoa-artikkelikuva-4-66x66.jpg 66w, https:\/\/www.surevankohtaaminen.fi\/wp-content\/uploads\/2019\/01\/anna-tietoa-artikkelikuva-4-150x150.jpg 150w, https:\/\/www.surevankohtaaminen.fi\/wp-content\/uploads\/2019\/01\/anna-tietoa-artikkelikuva-4-200x200.jpg 200w, https:\/\/www.surevankohtaaminen.fi\/wp-content\/uploads\/2019\/01\/anna-tietoa-artikkelikuva-4-300x300.jpg 300w, https:\/\/www.surevankohtaaminen.fi\/wp-content\/uploads\/2019\/01\/anna-tietoa-artikkelikuva-4-400x400.jpg 400w, https:\/\/www.surevankohtaaminen.fi\/wp-content\/uploads\/2019\/01\/anna-tietoa-artikkelikuva-4-600x600.jpg 600w, https:\/\/www.surevankohtaaminen.fi\/wp-content\/uploads\/2019\/01\/anna-tietoa-artikkelikuva-4-768x768.jpg 768w, https:\/\/www.surevankohtaaminen.fi\/wp-content\/uploads\/2019\/01\/anna-tietoa-artikkelikuva-4-800x800.jpg 800w, https:\/\/www.surevankohtaaminen.fi\/wp-content\/uploads\/2019\/01\/anna-tietoa-artikkelikuva-4.jpg 833w\" sizes=\"(max-width: 338px) 100vw, 338px\" \/><strong><span style=\"color: #006e96;\">K\u00e4nslor och f\u00f6rnimmelser under en kris \u00e4r individuella.<\/span><\/strong> S\u00e5 olidligt kraftiga reaktioner s\u00e5som avsaknad av reaktioner kan ocks\u00e5 h\u00f6ra till saken. Ofta beh\u00f6ver man utomst\u00e5ende hj\u00e4lp redan f\u00f6r att sk\u00f6ta praktiska g\u00f6rom\u00e5l, eftersom handlingsf\u00f6rm\u00e5gan i en kris \u00e4r f\u00f6rsvagad.<\/p>\n<p><strong><span style=\"color: #006e96;\">I krisarbete \u00e4r kapning av krisens spets i centrum.<\/span><\/strong> Till krisarbete h\u00f6r den professionellas lugnande n\u00e4rvaro, att ta hand om basala behov (s\u00e5som att \u00e4ta, dricka och vila tillr\u00e4ckligt), att s\u00e4kerst\u00e4lla en fortg\u00e5ende vardag och i ett senare skede att g\u00e5 igenom h\u00e4ndelserna. Krisarbetarna hj\u00e4lper till med att s\u00e4tta ord p\u00e5 k\u00e4nslor och att normalisera reaktioner. Samtidigt kartl\u00e4ggs den s\u00f6rjandes \u00f6verlevnadsstrategier, st\u00f6dn\u00e4tverk och eventuellt behov av fortsatt hj\u00e4lp.<\/p>\n<p><strong><span style=\"color: #006e96;\">Till psykosocialt st\u00f6d h\u00f6r ocks\u00e5 att f\u00f6lja upp den s\u00f6rjandes situation p\u00e5 l\u00e5ng sikt vid behov.<\/span><\/strong> En person som f\u00f6rlorat en n\u00e4rst\u00e5ende p\u00e5 ett fruktansv\u00e4rt s\u00e4tt kan beh\u00f6va hj\u00e4lp till och med flera \u00e5r senare.<\/p>\n<\/div><div class=\"fusion-clearfix\"><\/div><\/div><\/div><\/div><\/div><div id=\"mitenauttaa\" class=\"fusion-container-anchor\"><div class=\"fusion-fullwidth fullwidth-box fusion-builder-row-5 nonhundred-percent-fullwidth non-hundred-percent-height-scrolling\" style=\"--awb-border-radius-top-left:0px;--awb-border-radius-top-right:0px;--awb-border-radius-bottom-right:0px;--awb-border-radius-bottom-left:0px;--awb-flex-wrap:wrap;\" ><div class=\"fusion-builder-row fusion-row\"><div class=\"fusion-layout-column fusion_builder_column fusion-builder-column-4 fusion_builder_column_1_1 1_1 fusion-one-full fusion-column-first fusion-column-last\" style=\"--awb-bg-size:cover;\"><div class=\"fusion-column-wrapper fusion-flex-column-wrapper-legacy\"><div class=\"fusion-sep-clear\"><\/div><div class=\"fusion-separator fusion-full-width-sep\" style=\"margin-left: auto;margin-right: auto;margin-top:10px;margin-bottom:30px;width:100%;\"><\/div><div class=\"fusion-sep-clear\"><\/div><div class=\"fusion-text fusion-text-7\"><div class=\"fusion-sep-clear\"><\/div><div class=\"fusion-separator fusion-full-width-sep\" style=\"margin-left: auto;margin-right: auto;margin-top:30px;width:100%;\"><\/div><div class=\"fusion-sep-clear\"><\/div>\n<\/div><div class=\"fusion-sep-clear\"><\/div><div class=\"fusion-separator fusion-full-width-sep\" style=\"margin-left: auto;margin-right: auto;margin-top:10px;margin-bottom:30px;width:100%;\"><\/div><div class=\"fusion-sep-clear\"><\/div><div class=\"fusion-sep-clear\"><\/div><div class=\"fusion-separator fusion-full-width-sep\" style=\"margin-left: auto;margin-right: auto;margin-top:10px;margin-bottom:30px;width:100%;\"><\/div><div class=\"fusion-sep-clear\"><\/div><div class=\"fusion-text fusion-text-8\" style=\"--awb-text-transform:none;\"><h2 style=\"text-align: center;\">Hur kan jag hj\u00e4lpa en m\u00e4nniska i kris?<\/h2>\n<\/div><div class=\"fusion-sep-clear\"><\/div><div class=\"fusion-separator fusion-full-width-sep\" style=\"margin-left: auto;margin-right: auto;margin-top:10px;margin-bottom:10px;width:100%;\"><\/div><div class=\"fusion-sep-clear\"><\/div><div class=\"fusion-text fusion-text-9\" style=\"--awb-text-transform:none;\"><p>Fast\u00e4n du inte \u00e4r en professionell krisarbetare, kan du \u00e4nd\u00e5 vara ett st\u00f6d f\u00f6r en person som f\u00f6rlorat en n\u00e4rst\u00e5ende. Din uppgift \u00e4r att s\u00e4kerst\u00e4lla att den s\u00f6rjande har m\u00f6jlighet att f\u00e5 krishj\u00e4lp \u00e4ven fr\u00e5n en professionell krisarbetare.<\/p>\n<\/div><div class=\"fusion-sep-clear\"><\/div><div class=\"fusion-separator fusion-full-width-sep\" style=\"margin-left: auto;margin-right: auto;margin-top:10px;margin-bottom:10px;width:100%;\"><\/div><div class=\"fusion-sep-clear\"><\/div><div class=\"fusion-reading-box-container reading-box-container-1\" style=\"--awb-title-color:#006e96;--awb-margin-top:0px;--awb-margin-bottom:84px;\"><div class=\"reading-box\" style=\"background-color:#e4f3f6;border-width:1px;border-color:rgba(246,246,246,0);border-left-width:3px;border-left-color:var(--primary_color);border-style:solid;\"><a class=\"button fusion-button button-default fusion-button-default-size button-default-size button-flat fusion-desktop-button fusion-tagline-button continue fusion-desktop-button-margin continue-right\" style=\"-webkit-box-shadow:none;-moz-box-shadow:none;box-shadow:none;border-radius:2px 2px 2px 2px\" href=\"https:\/\/www.surevankohtaaminen.fi\/sv\/att-bemota-en-sorjande\/#kohtaaminen\" target=\"_self\"><span>Hur bem\u00f6ta en s\u00f6rjande?<\/span><\/a><div class=\"reading-box-description\">N\u00e4r man m\u00f6ter en s\u00f6rjande g\u00e4ller de r\u00e5d som ges p\u00e5 sidan Surevan kohtaaminen. Att vara n\u00e4rvarande och att lyssna p\u00e5 den s\u00f6rjandes egna behov \u00e4r v\u00e4sentligt.<\/div><div class=\"fusion-clearfix\"><\/div><a class=\"button fusion-button button-default fusion-button-default-size button-default-size button-flat fusion-mobile-button continue-right\" style=\"-webkit-box-shadow:none;-moz-box-shadow:none;box-shadow:none;border-radius:2px 2px 2px 2px\" href=\"https:\/\/www.surevankohtaaminen.fi\/sv\/att-bemota-en-sorjande\/#kohtaaminen\" target=\"_self\"><span>Hur bem\u00f6ta en s\u00f6rjande?<\/span><\/a><\/div><svg style=\"opacity:0.70;\" xmlns=\"http:\/\/www.w3.org\/2000\/svg\" version=\"1.1\" width=\"100%\" viewBox=\"0 0 600 28\" preserveAspectRatio=\"none\"><g clip-path=\"url(#a)\"><mask id=\"b\" style=\"mask-type:luminance\" maskUnits=\"userSpaceOnUse\" x=\"0\" y=\"0\" width=\"600\" height=\"28\"><path d=\"M0 0h600v28H0V0Z\" fill=\"#fff\"\/><\/mask><g filter=\"url(#c)\" mask=\"url(#b)\"><path d=\"M16.439-18.667h567.123v30.8S438.961-8.4 300-8.4C161.04-8.4 16.438 12.133 16.438 12.133v-30.8Z\" fill=\"#000\"\/><\/g><\/g><defs><clipPath id=\"a\"><path fill=\"#fff\" d=\"M0 0h600v28H0z\"\/><\/clipPath><filter id=\"c\" x=\"5.438\" y=\"-29.667\" width=\"589.123\" height=\"52.8\" filterUnits=\"userSpaceOnUse\" color-interpolation-filters=\"sRGB\"><feFlood flood-opacity=\"0\" result=\"BackgroundImageFix\"\/><feBlend in=\"SourceGraphic\" in2=\"BackgroundImageFix\" result=\"shape\"\/><feGaussianBlur stdDeviation=\"5.5\" result=\"effect1_foregroundBlur_3983_183\"\/><\/filter><\/defs><\/svg><\/div><div class=\"fusion-clearfix\"><\/div><\/div><\/div><\/div><\/div><\/div><div class=\"fusion-fullwidth fullwidth-box fusion-builder-row-6 nonhundred-percent-fullwidth non-hundred-percent-height-scrolling fusion-equal-height-columns\" style=\"--awb-border-radius-top-left:0px;--awb-border-radius-top-right:0px;--awb-border-radius-bottom-right:0px;--awb-border-radius-bottom-left:0px;--awb-flex-wrap:wrap;\" ><div class=\"fusion-builder-row fusion-row\"><div class=\"fusion-layout-column fusion_builder_column fusion-builder-column-5 fusion_builder_column_2_3 2_3 fusion-two-third fusion-column-first\" style=\"--awb-padding-right:40px;--awb-bg-size:cover;width:66.666666666667%;width:calc(66.666666666667% - ( ( 4% ) * 0.66666666666667 ) );margin-right: 4%;\"><div class=\"fusion-column-wrapper fusion-column-has-shadow fusion-flex-column-wrapper-legacy\"><div class=\"fusion-text fusion-text-10\" style=\"--awb-text-transform:none;\"><h3 style=\"text-align: center;\">V\u00e4gled, hj\u00e4lp, h\u00e5ll inom st\u00f6dkretsen<\/h3>\n<\/div><div class=\"fusion-sep-clear\"><\/div><div class=\"fusion-separator fusion-full-width-sep\" style=\"margin-left: auto;margin-right: auto;margin-top:10px;margin-bottom:10px;width:100%;\"><\/div><div class=\"fusion-sep-clear\"><\/div><ul style=\"--awb-size:17px;--awb-iconcolor:#006e96;--awb-line-height:28.9px;--awb-icon-width:28.9px;--awb-icon-height:28.9px;--awb-icon-margin:11.9px;--awb-content-margin:40.8px;\" class=\"fusion-checklist fusion-checklist-2 fusion-checklist-default type-icons\"><li class=\"fusion-li-item\" style=\"\"><span class=\"icon-wrapper circle-no\"><i class=\"fusion-li-icon fa-angle-right fas\" aria-hidden=\"true\"><\/i><\/span><div class=\"fusion-li-item-content\">V\u00e4gled den s\u00f6rjande att f\u00e5 hj\u00e4lp fr\u00e5n en professionell krisarbetare. <span style=\"color: #006e96;\"><strong> S\u00e5vida det \u00e4r m\u00f6jligt, ordna krishj\u00e4lp till platsen genast vid d\u00f6dsplatsen eller med till tillf\u00e4llet d\u00e5 d\u00f6dsbudet \u00f6verl\u00e4mnas. <\/strong><\/span> Fr\u00e5ga den s\u00f6rjande om du kan vidarebefordra hans\/hennes uppgifter till socialjouren eller ett kriscenter.<\/div><\/li><li class=\"fusion-li-item\" style=\"\"><span class=\"icon-wrapper circle-no\"><i class=\"fusion-li-icon fa-angle-right fas\" aria-hidden=\"true\"><\/i><\/span><div class=\"fusion-li-item-content\"><span style=\"color: #006e96;\"><strong>S\u00e4kerst\u00e4ll den s\u00f6rjandes basala behov och trygghet. <\/strong><span style=\"color: #000000;\">Fr\u00e5ga om du kan kalla den s\u00f6rjandes n\u00e4rst\u00e5ende till platsen f\u00f6r att hj\u00e4lpa. Vid behov instruera de n\u00e4rst\u00e5ende i att hj\u00e4lpa. Det \u00e4r viktigt att s\u00e4kerst\u00e4lla att den s\u00f6rjande \u00e4ter, dricker och sover. Sl\u00e4pp till exempel aldrig en person, som nyss f\u00e5tt veta om sin n\u00e4rst\u00e5endes d\u00f6d, bakom ratten i en bil. <\/span> <\/span><\/div><\/li><li class=\"fusion-li-item\" style=\"\"><span class=\"icon-wrapper circle-no\"><i class=\"fusion-li-icon fa-angle-right fas\" aria-hidden=\"true\"><\/i><\/span><div class=\"fusion-li-item-content\"><span style=\"color: #006e96;\"><strong>Fr\u00e5ga vad den s\u00f6rjande beh\u00f6ver. <\/strong><\/span> Utg\u00e5ngspunkten i hj\u00e4lpen \u00e4r den s\u00f6rjandes egna \u00f6nskem\u00e5l. Kom dock ih\u00e5g, att en person som drabbats av en akut kris inte alltid klarar av att bed\u00f6ma sitt eget hj\u00e4lpbehov, och att hj\u00e4lpbehovet ocks\u00e5 kan f\u00f6r\u00e4ndras. <span style=\"color: #006e96;\"><strong>D\u00e4rf\u00f6r \u00e4r det viktigt att hj\u00e4lp erbjuds upprepade g\u00e5nger och att information om hj\u00e4lpkanaler \u00e4ven l\u00e4mnas skriftligt.<\/strong><\/span><\/div><\/li><li class=\"fusion-li-item\" style=\"\"><span class=\"icon-wrapper circle-no\"><i class=\"fusion-li-icon fa-angle-right fas\" aria-hidden=\"true\"><\/i><\/span><div class=\"fusion-li-item-content\"><strong><span style=\"color: #006e96;\">H\u00e5ll den s\u00f6rjande inom st\u00f6dkretsen. <\/span><\/strong><span style=\"color: #000000;\">Psykosocialt st\u00f6d b\u00f6r vara ett kontinuum d\u00e4r m\u00e5nga hj\u00e4lpare deltar. Den s\u00f6rjande b\u00f6r v\u00e4gledas aktivt fr\u00e5n en tj\u00e4nst till en annan, d\u00e5 resurserna i en kris ofta \u00e4r nedsatta. <\/span><\/div><\/li><\/ul><div class=\"fusion-clearfix\"><\/div><\/div><\/div><div class=\"fusion-layout-column fusion_builder_column fusion-builder-column-6 fusion_builder_column_1_3 1_3 fusion-one-third fusion-column-last\" style=\"--awb-padding-right:40px;--awb-bg-size:cover;--awb-border-color:#e4f3f6;--awb-border-right:0;--awb-border-style:dashed;width:33.333333333333%;width:calc(33.333333333333% - ( ( 4% ) * 0.33333333333333 ) );\"><div class=\"fusion-column-wrapper fusion-column-has-shadow fusion-flex-column-wrapper-legacy\"><div class=\"fusion-column-content-centered\"><div class=\"fusion-column-content\"><div class=\"fusion-sep-clear\"><\/div><div class=\"fusion-separator fusion-full-width-sep\" style=\"margin-left: auto;margin-right: auto;margin-top:10px;margin-bottom:20px;width:100%;\"><\/div><div class=\"fusion-sep-clear\"><\/div><div class=\"fusion-sep-clear\"><\/div><div class=\"fusion-separator fusion-full-width-sep\" style=\"margin-left: auto;margin-right: auto;margin-top:10px;margin-bottom:20px;width:100%;\"><\/div><div class=\"fusion-sep-clear\"><\/div><div class=\"fusion-sep-clear\"><\/div><div class=\"fusion-separator fusion-full-width-sep\" style=\"margin-left: auto;margin-right: auto;margin-top:10px;margin-bottom:20px;width:100%;\"><\/div><div class=\"fusion-sep-clear\"><\/div><div class=\"fusion-image-element fusion-image-align-center in-legacy-container\" style=\"text-align:center;--awb-caption-title-font-family:var(--h2_typography-font-family);--awb-caption-title-font-weight:var(--h2_typography-font-weight);--awb-caption-title-font-style:var(--h2_typography-font-style);--awb-caption-title-size:var(--h2_typography-font-size);--awb-caption-title-transform:var(--h2_typography-text-transform);--awb-caption-title-line-height:var(--h2_typography-line-height);--awb-caption-title-letter-spacing:var(--h2_typography-letter-spacing);\"><div class=\"imageframe-align-center\"><span class=\" fusion-imageframe imageframe-none imageframe-1 hover-type-none\"><img decoding=\"async\" width=\"203\" height=\"300\" alt=\"Surevan kohtaamisessa on t\u00e4rke\u00e4\u00e4 my\u00f6t\u00e4tunto\" title=\"kohtaa sureva yksil\u00f6n\u00e4\" src=\"https:\/\/www.surevankohtaaminen.fi\/wp-content\/uploads\/2018\/11\/kohtaa-sureva-203x300.png\" class=\"img-responsive wp-image-2112\" srcset=\"https:\/\/www.surevankohtaaminen.fi\/wp-content\/uploads\/2018\/11\/kohtaa-sureva-200x296.png 200w, https:\/\/www.surevankohtaaminen.fi\/wp-content\/uploads\/2018\/11\/kohtaa-sureva-400x591.png 400w, https:\/\/www.surevankohtaaminen.fi\/wp-content\/uploads\/2018\/11\/kohtaa-sureva-600x887.png 600w, https:\/\/www.surevankohtaaminen.fi\/wp-content\/uploads\/2018\/11\/kohtaa-sureva-800x1183.png 800w, https:\/\/www.surevankohtaaminen.fi\/wp-content\/uploads\/2018\/11\/kohtaa-sureva-1200x1774.png 1200w\" sizes=\"(max-width: 800px) 100vw, 400px\" \/><\/span><\/div><\/div><\/div><\/div><div class=\"fusion-clearfix\"><\/div><\/div><\/div><\/div><\/div><div id=\"ensure\" class=\"fusion-container-anchor\"><div class=\"fusion-fullwidth fullwidth-box fusion-builder-row-7 nonhundred-percent-fullwidth non-hundred-percent-height-scrolling\" style=\"--awb-border-radius-top-left:0px;--awb-border-radius-top-right:0px;--awb-border-radius-bottom-right:0px;--awb-border-radius-bottom-left:0px;--awb-flex-wrap:wrap;\" ><div class=\"fusion-builder-row fusion-row\"><div class=\"fusion-layout-column fusion_builder_column fusion-builder-column-7 fusion_builder_column_1_1 1_1 fusion-one-full fusion-column-first fusion-column-last\" style=\"--awb-bg-size:cover;\"><div class=\"fusion-column-wrapper fusion-flex-column-wrapper-legacy\"><div class=\"fusion-sep-clear\"><\/div><div class=\"fusion-separator fusion-full-width-sep\" style=\"margin-left: auto;margin-right: auto;margin-top:10px;margin-bottom:30px;width:100%;\"><\/div><div class=\"fusion-sep-clear\"><\/div><div class=\"fusion-text fusion-text-11\"><div class=\"fusion-sep-clear\"><\/div><div class=\"fusion-separator fusion-full-width-sep\" style=\"margin-left: auto;margin-right: auto;margin-top:30px;width:100%;\"><\/div><div class=\"fusion-sep-clear\"><\/div>\n<\/div><div class=\"fusion-sep-clear\"><\/div><div class=\"fusion-separator fusion-full-width-sep\" style=\"margin-left: auto;margin-right: auto;margin-top:10px;margin-bottom:30px;width:100%;\"><\/div><div class=\"fusion-sep-clear\"><\/div><div class=\"fusion-sep-clear\"><\/div><div class=\"fusion-separator fusion-full-width-sep\" style=\"margin-left: auto;margin-right: auto;margin-top:10px;margin-bottom:30px;width:100%;\"><\/div><div class=\"fusion-sep-clear\"><\/div><div class=\"fusion-text fusion-text-12\" style=\"--awb-text-transform:none;\"><h2 style=\"text-align: center;\">Hur s\u00e4kerst\u00e4ller man att den s\u00f6rjande f\u00e5r lagstadgad krishj\u00e4lp?<\/h2>\n<\/div><div class=\"fusion-sep-clear\"><\/div><div class=\"fusion-separator fusion-full-width-sep\" style=\"margin-left: auto;margin-right: auto;margin-top:10px;margin-bottom:10px;width:100%;\"><\/div><div class=\"fusion-sep-clear\"><\/div><div class=\"fusion-text fusion-text-13\" style=\"--awb-text-transform:none;\"><p>Vid ett pl\u00f6tsligt d\u00f6dsfall samarbetar n\u00f6dcentralen, polisen, r\u00e4ddningstj\u00e4nsten, akutv\u00e5rden, social- och krisjouren samt vid behov tredje sektorns akt\u00f6rer f\u00f6r att hj\u00e4lpa n\u00e4rst\u00e5ende. Det \u00e4r p\u00e5 kommunernas eller sjukv\u00e5rdsdistriktens ansvar att ordna prim\u00e4rv\u00e5rdsjour som \u00e4r \u00f6ppen dygnet runt, vilken ofta \u00e4r bel\u00e4gen i anslutning till sjukhus.<\/p>\n<p>Psykosocialt st\u00f6d och krishj\u00e4lp \u00e4r en del av prim\u00e4rv\u00e5rdsjouren. Dessutom kan det finnas andliga f\u00f6rstahj\u00e4lpsarbetare i sjukhusen, pr\u00e4ster eller diakoner.<\/p>\n<p>Om du \u00e4r en professionell som m\u00f6ter s\u00f6rjande i ditt arbete, h\u00f6r det till dina lagstadgade plikter att h\u00e4nvisa till krishj\u00e4lp och socialt st\u00f6d.<\/p>\n<p>Ut\u00f6ver social- och krisjouren, erbjuder \u00e4ven organisationer i tredje sektorn krishj\u00e4lp. Till exempel ordnar Psykisk H\u00e4lsa Finland MIELI rf och Finlands R\u00f6da Kors krishj\u00e4lp. Ta reda p\u00e5 var det n\u00e4rmaste kriscentret ligger i f\u00f6rh\u00e5llande till din ort. Psykisk H\u00e4lsa Finland MIELI rf uppr\u00e4tth\u00e5ller \u00e4ven en kristelefon.<\/p>\n<\/div><div class=\"fusion-sep-clear\"><\/div><div class=\"fusion-separator fusion-full-width-sep\" style=\"margin-left: auto;margin-right: auto;margin-top:10px;margin-bottom:10px;width:100%;\"><\/div><div class=\"fusion-sep-clear\"><\/div><div class=\"fusion-sep-clear\"><\/div><div class=\"fusion-separator fusion-full-width-sep\" style=\"margin-left: auto;margin-right: auto;margin-top:10px;margin-bottom:10px;width:100%;\"><\/div><div class=\"fusion-sep-clear\"><\/div><div class=\"fusion-sep-clear\"><\/div><div class=\"fusion-separator fusion-full-width-sep\" style=\"margin-left: auto;margin-right: auto;margin-top:10px;margin-bottom:10px;width:100%;\"><\/div><div class=\"fusion-sep-clear\"><\/div><div class=\"fusion-image-element fusion-image-align-center in-legacy-container\" style=\"text-align:center;--awb-caption-title-font-family:var(--h2_typography-font-family);--awb-caption-title-font-weight:var(--h2_typography-font-weight);--awb-caption-title-font-style:var(--h2_typography-font-style);--awb-caption-title-size:var(--h2_typography-font-size);--awb-caption-title-transform:var(--h2_typography-text-transform);--awb-caption-title-line-height:var(--h2_typography-line-height);--awb-caption-title-letter-spacing:var(--h2_typography-letter-spacing);\"><div class=\"imageframe-align-center\"><span class=\" fusion-imageframe imageframe-none imageframe-2 hover-type-none\"><img decoding=\"async\" width=\"244\" height=\"300\" title=\"ole-lasna\" src=\"https:\/\/www.surevankohtaaminen.fi\/wp-content\/uploads\/2018\/11\/ole-lasna-244x300.png\" alt class=\"img-responsive wp-image-2118\" srcset=\"https:\/\/www.surevankohtaaminen.fi\/wp-content\/uploads\/2018\/11\/ole-lasna-200x246.png 200w, https:\/\/www.surevankohtaaminen.fi\/wp-content\/uploads\/2018\/11\/ole-lasna-400x491.png 400w, https:\/\/www.surevankohtaaminen.fi\/wp-content\/uploads\/2018\/11\/ole-lasna-600x737.png 600w, https:\/\/www.surevankohtaaminen.fi\/wp-content\/uploads\/2018\/11\/ole-lasna-800x983.png 800w, https:\/\/www.surevankohtaaminen.fi\/wp-content\/uploads\/2018\/11\/ole-lasna-1200x1474.png 1200w\" sizes=\"(max-width: 800px) 100vw, 1200px\" \/><\/span><\/div><\/div><div class=\"fusion-clearfix\"><\/div><\/div><\/div><\/div><\/div><\/div><\/p>\n","protected":false},"excerpt":{"rendered":"","protected":false},"author":1,"featured_media":0,"parent":0,"menu_order":0,"comment_status":"closed","ping_status":"closed","template":"","meta":{"_exactmetrics_skip_tracking":false,"_exactmetrics_sitenote_active":false,"_exactmetrics_sitenote_note":"","_exactmetrics_sitenote_category":0,"footnotes":""},"categories":[266],"tags":[],"yst_prominent_words":[],"class_list":["post-3880","page","type-page","status-publish","hentry","category-valineita-kohtaamisiin-en-sv"],"_links":{"self":[{"href":"https:\/\/www.surevankohtaaminen.fi\/sv\/wp-json\/wp\/v2\/pages\/3880","targetHints":{"allow":["GET"]}}],"collection":[{"href":"https:\/\/www.surevankohtaaminen.fi\/sv\/wp-json\/wp\/v2\/pages"}],"about":[{"href":"https:\/\/www.surevankohtaaminen.fi\/sv\/wp-json\/wp\/v2\/types\/page"}],"author":[{"embeddable":true,"href":"https:\/\/www.surevankohtaaminen.fi\/sv\/wp-json\/wp\/v2\/users\/1"}],"replies":[{"embeddable":true,"href":"https:\/\/www.surevankohtaaminen.fi\/sv\/wp-json\/wp\/v2\/comments?post=3880"}],"version-history":[{"count":8,"href":"https:\/\/www.surevankohtaaminen.fi\/sv\/wp-json\/wp\/v2\/pages\/3880\/revisions"}],"predecessor-version":[{"id":3883,"href":"https:\/\/www.surevankohtaaminen.fi\/sv\/wp-json\/wp\/v2\/pages\/3880\/revisions\/3883"}],"wp:attachment":[{"href":"https:\/\/www.surevankohtaaminen.fi\/sv\/wp-json\/wp\/v2\/media?parent=3880"}],"wp:term":[{"taxonomy":"category","embeddable":true,"href":"https:\/\/www.surevankohtaaminen.fi\/sv\/wp-json\/wp\/v2\/categories?post=3880"},{"taxonomy":"post_tag","embeddable":true,"href":"https:\/\/www.surevankohtaaminen.fi\/sv\/wp-json\/wp\/v2\/tags?post=3880"},{"taxonomy":"yst_prominent_words","embeddable":true,"href":"https:\/\/www.surevankohtaaminen.fi\/sv\/wp-json\/wp\/v2\/yst_prominent_words?post=3880"}],"curies":[{"name":"wp","href":"https:\/\/api.w.org\/{rel}","templated":true}]}}